{"id":236,"date":"2012-12-28T15:38:06","date_gmt":"2012-12-28T14:38:06","guid":{"rendered":"http:\/\/kadetten-burgdorf.retinho.info\/website\/?page_id=236"},"modified":"2025-08-22T12:37:47","modified_gmt":"2025-08-22T10:37:47","slug":"vereinigung-kadettenwesen","status":"publish","type":"page","link":"https:\/\/www.kadetten-burgdorf.ch\/website\/?page_id=236","title":{"rendered":"Vereinigung"},"content":{"rendered":"\n<h2 class=\"wp-block-heading\">Wer oder was ist die Vereinigung?<\/h2>\n\n\n\n<p class=\"wp-block-paragraph\">Die Vereinigung heisst offiziell \u00abVereinigung f\u00fcr das Kadettenwesen der Stadt Burgdorf\u00bb und ist im Gegensatz zu den Kadetten Burgdorf ein privatrechtlicher Verein. Die Vereinigung verfolgt das Ziel, das Kadettenwesen der Stadt Burgdorf zu unterst\u00fctzen und zu f\u00f6rdern. Die Vereinigung will die von der Stadt Burgdorf zur Verf\u00fcgung gestellten finanziellen Mittel, die den normalen Kadettenbetrieb garantieren, gezielt erg\u00e4nzen und damit den Kadettinnen und Kadetten spezielle Anl\u00e4sse und Anschaffungen erm\u00f6glichen.<\/p>\n\n\n\n<p class=\"wp-block-paragraph\">Im weiteren unterst\u00fctzt die Vereinigung das Kadettenkorps personell bei der Durchf\u00fchrung von Veranstaltungen und Anl\u00e4ssen. Ein besonderes Anliegen ist es der Vereinigung, ihre Mittel daf\u00fcr einzusetzen, dass das gesamte Freizeitangebot des Kadettenkorps &#8211; inklusive Lager und besondere Anl\u00e4sse &#8211; allen Kindern und Jugendlichen offen steht. Deshalb leistet die Vereinigung direkt, gezielt und unkompliziert Geldbetr\u00e4ge f\u00fcr Kadettinnen und Kadetten aus Familien, denen ein Mitmachen aus finanziellen Gr\u00fcnden sonst nicht m\u00f6glich w\u00e4re.<br>Die Vereinigung finanziert sich ausschliesslich durch die Mitgliederbeitr\u00e4ge und ist daher wie eine G\u00f6nnervereinigung anzusehen. Viele ehemalige Kadetten oder Eltern sind Mitglied in dieser Vereinigung und erm\u00f6glichen so auch der n\u00e4chsten Generation die Teilnahme bei den Kadetten Burgdorf.<\/p>\n\n\n\n<hr class=\"wp-block-separator has-css-opacity is-style-wide\"\/>\n\n\n\n<ul class=\"wp-block-list\">\n<li><a href=\"https:\/\/www.kadetten-burgdorf.ch\/dokumentenablage\/vereinigung\/kad_flyer_vereinigung_2016.pdf\" target=\"_blank\" rel=\"noreferrer noopener\">Flyer Vereinigung<\/a><\/li>\n\n\n\n<li><a href=\"https:\/\/www.kadetten-burgdorf.ch\/dokumentenablage\/vereinigung\/kad_statuten_vereinigung_2017.pdf\" target=\"_blank\" rel=\"noreferrer noopener\">Statuten Vereinigung<\/a><\/li>\n\n\n\n<li><a href=\"https:\/\/www.kadetten-burgdorf.ch\/dokumentenablage\/vereinigung\/kad_vereinigung_jahresbericht_2024.pdf\" target=\"_blank\" rel=\"noreferrer noopener\">Jahresbericht 2024<\/a><\/li>\n\n\n\n<li><a href=\"https:\/\/www.kadetten-burgdorf.ch\/dokumentenablage\/vereinigung\/kad_vereinigung_protokoll_hv_2025.pdf\" target=\"_blank\" rel=\"noreferrer noopener\">Protokoll HV vom 05.03.2025<\/a><\/li>\n<\/ul>\n\n\n\n<hr class=\"wp-block-separator has-css-opacity is-style-wide\"\/>\n\n\n\n<h2 class=\"wp-block-heading\">Vorstand<\/h2>\n\n\n<style>.wp-block-kadence-advancedgallery .kb-gallery-type-masonry.kb-gallery-id-236_d96ddb-48{margin:-5px;}.kb-gallery-type-masonry.kb-gallery-id-236_d96ddb-48 .kadence-blocks-gallery-item{padding:5px;}.kb-gallery-id-236_d96ddb-48 .kadence-blocks-gallery-item .kb-gal-image-radius, .kb-gallery-id-236_d96ddb-48 .kb-slide-item .kb-gal-image-radius img{border-radius:0px 0px 0px 0px;;}<\/style><div class=\"kb-gallery-wrap-id-236_d96ddb-48 alignnone wp-block-kadence-advancedgallery\"><ul class=\"kb-gallery-ul kb-gallery-non-static kb-gallery-type-masonry kb-masonry-init kb-gallery-id-236_d96ddb-48 kb-gallery-caption-style-bottom-hover kb-gallery-filter-none\" data-image-filter=\"none\" data-item-selector=\".kadence-blocks-gallery-item\" data-lightbox-caption=\"true\" data-columns-xxl=\"3\" data-columns-xl=\"3\" data-columns-md=\"3\" data-columns-sm=\"2\" data-columns-xs=\"1\" data-columns-ss=\"1\"><li class=\"kadence-blocks-gallery-item\" tabindex=\"0\"><div class=\"kadence-blocks-gallery-item-inner\"><figure class=\"kb-gallery-figure kadence-blocks-gallery-item-hide-caption\"><div class=\"kb-gal-image-radius\" style=\"max-width:600px;\"><div class=\"kb-gallery-image-contain kadence-blocks-gallery-intrinsic\" style=\"padding-bottom:100%;\"><img loading=\"lazy\" decoding=\"async\" src=\"https:\/\/www.kadetten-burgdorf.ch\/website\/wp-content\/uploads\/kuster-mueller_beatrice_2020.jpg\" width=\"600\" height=\"600\" alt=\"\" data-full-image=\"https:\/\/www.kadetten-burgdorf.ch\/website\/wp-content\/uploads\/kuster-mueller_beatrice_2020.jpg\" data-light-image=\"https:\/\/www.kadetten-burgdorf.ch\/website\/wp-content\/uploads\/kuster-mueller_beatrice_2020.jpg\" data-id=\"5011\" class=\"wp-image-5011\" srcset=\"https:\/\/www.kadetten-burgdorf.ch\/website\/wp-content\/uploads\/kuster-mueller_beatrice_2020.jpg 600w, https:\/\/www.kadetten-burgdorf.ch\/website\/wp-content\/uploads\/kuster-mueller_beatrice_2020-300x300.jpg 300w, https:\/\/www.kadetten-burgdorf.ch\/website\/wp-content\/uploads\/kuster-mueller_beatrice_2020-150x150.jpg 150w\" sizes=\"auto, (max-width: 600px) 100vw, 600px\" \/><\/div><\/div><\/figure><\/div><\/li><li class=\"kadence-blocks-gallery-item\" tabindex=\"0\"><div class=\"kadence-blocks-gallery-item-inner\"><figure class=\"kb-gallery-figure kadence-blocks-gallery-item-hide-caption\"><div class=\"kb-gal-image-radius\" style=\"max-width:600px;\"><div class=\"kb-gallery-image-contain kadence-blocks-gallery-intrinsic\" style=\"padding-bottom:100%;\"><img loading=\"lazy\" decoding=\"async\" src=\"https:\/\/www.kadetten-burgdorf.ch\/website\/wp-content\/uploads\/zwahlen_michel_2020.jpg\" width=\"600\" height=\"600\" alt=\"\" data-full-image=\"https:\/\/www.kadetten-burgdorf.ch\/website\/wp-content\/uploads\/zwahlen_michel_2020.jpg\" data-light-image=\"https:\/\/www.kadetten-burgdorf.ch\/website\/wp-content\/uploads\/zwahlen_michel_2020.jpg\" data-id=\"4984\" class=\"wp-image-4984\" srcset=\"https:\/\/www.kadetten-burgdorf.ch\/website\/wp-content\/uploads\/zwahlen_michel_2020.jpg 600w, https:\/\/www.kadetten-burgdorf.ch\/website\/wp-content\/uploads\/zwahlen_michel_2020-300x300.jpg 300w, https:\/\/www.kadetten-burgdorf.ch\/website\/wp-content\/uploads\/zwahlen_michel_2020-150x150.jpg 150w\" sizes=\"auto, (max-width: 600px) 100vw, 600px\" \/><\/div><\/div><\/figure><\/div><\/li><li class=\"kadence-blocks-gallery-item\" tabindex=\"0\"><div class=\"kadence-blocks-gallery-item-inner\"><figure class=\"kb-gallery-figure kadence-blocks-gallery-item-hide-caption\"><div class=\"kb-gal-image-radius\" style=\"max-width:600px;\"><div class=\"kb-gallery-image-contain kadence-blocks-gallery-intrinsic\" style=\"padding-bottom:100%;\"><img loading=\"lazy\" decoding=\"async\" src=\"https:\/\/www.kadetten-burgdorf.ch\/website\/wp-content\/uploads\/ellenberger_rafael_2020.jpg\" width=\"600\" height=\"600\" alt=\"\" data-full-image=\"https:\/\/www.kadetten-burgdorf.ch\/website\/wp-content\/uploads\/ellenberger_rafael_2020.jpg\" data-light-image=\"https:\/\/www.kadetten-burgdorf.ch\/website\/wp-content\/uploads\/ellenberger_rafael_2020.jpg\" data-id=\"4985\" class=\"wp-image-4985\" srcset=\"https:\/\/www.kadetten-burgdorf.ch\/website\/wp-content\/uploads\/ellenberger_rafael_2020.jpg 600w, https:\/\/www.kadetten-burgdorf.ch\/website\/wp-content\/uploads\/ellenberger_rafael_2020-300x300.jpg 300w, https:\/\/www.kadetten-burgdorf.ch\/website\/wp-content\/uploads\/ellenberger_rafael_2020-150x150.jpg 150w\" sizes=\"auto, (max-width: 600px) 100vw, 600px\" \/><\/div><\/div><\/figure><\/div><\/li><li class=\"kadence-blocks-gallery-item\" tabindex=\"0\"><div class=\"kadence-blocks-gallery-item-inner\"><figure class=\"kb-gallery-figure kadence-blocks-gallery-item-hide-caption\"><div class=\"kb-gal-image-radius\" style=\"max-width:600px;\"><div class=\"kb-gallery-image-contain kadence-blocks-gallery-intrinsic\" style=\"padding-bottom:100%;\"><img loading=\"lazy\" decoding=\"async\" src=\"https:\/\/www.kadetten-burgdorf.ch\/website\/wp-content\/uploads\/wiskerke_geraldine_2020.jpg\" width=\"600\" height=\"600\" alt=\"\" data-full-image=\"https:\/\/www.kadetten-burgdorf.ch\/website\/wp-content\/uploads\/wiskerke_geraldine_2020.jpg\" data-light-image=\"https:\/\/www.kadetten-burgdorf.ch\/website\/wp-content\/uploads\/wiskerke_geraldine_2020.jpg\" data-id=\"5014\" class=\"wp-image-5014\" srcset=\"https:\/\/www.kadetten-burgdorf.ch\/website\/wp-content\/uploads\/wiskerke_geraldine_2020.jpg 600w, https:\/\/www.kadetten-burgdorf.ch\/website\/wp-content\/uploads\/wiskerke_geraldine_2020-300x300.jpg 300w, https:\/\/www.kadetten-burgdorf.ch\/website\/wp-content\/uploads\/wiskerke_geraldine_2020-150x150.jpg 150w\" sizes=\"auto, (max-width: 600px) 100vw, 600px\" \/><\/div><\/div><\/figure><\/div><\/li><li class=\"kadence-blocks-gallery-item\" tabindex=\"0\"><div class=\"kadence-blocks-gallery-item-inner\"><figure class=\"kb-gallery-figure kadence-blocks-gallery-item-hide-caption\"><div class=\"kb-gal-image-radius\" style=\"max-width:600px;\"><div class=\"kb-gallery-image-contain kadence-blocks-gallery-intrinsic\" style=\"padding-bottom:100%;\"><img loading=\"lazy\" decoding=\"async\" src=\"https:\/\/www.kadetten-burgdorf.ch\/website\/wp-content\/uploads\/broennimann_beat_2020.jpg\" width=\"600\" height=\"600\" alt=\"\" data-full-image=\"https:\/\/www.kadetten-burgdorf.ch\/website\/wp-content\/uploads\/broennimann_beat_2020.jpg\" data-light-image=\"https:\/\/www.kadetten-burgdorf.ch\/website\/wp-content\/uploads\/broennimann_beat_2020.jpg\" data-id=\"5017\" class=\"wp-image-5017\" srcset=\"https:\/\/www.kadetten-burgdorf.ch\/website\/wp-content\/uploads\/broennimann_beat_2020.jpg 600w, https:\/\/www.kadetten-burgdorf.ch\/website\/wp-content\/uploads\/broennimann_beat_2020-300x300.jpg 300w, https:\/\/www.kadetten-burgdorf.ch\/website\/wp-content\/uploads\/broennimann_beat_2020-150x150.jpg 150w\" sizes=\"auto, (max-width: 600px) 100vw, 600px\" \/><\/div><\/div><\/figure><\/div><\/li><li class=\"kadence-blocks-gallery-item\" tabindex=\"0\"><div class=\"kadence-blocks-gallery-item-inner\"><figure class=\"kb-gallery-figure kadence-blocks-gallery-item-hide-caption\"><div class=\"kb-gal-image-radius\" style=\"max-width:600px;\"><div class=\"kb-gallery-image-contain kadence-blocks-gallery-intrinsic\" style=\"padding-bottom:100%;\"><img loading=\"lazy\" decoding=\"async\" src=\"https:\/\/www.kadetten-burgdorf.ch\/website\/wp-content\/uploads\/mueller_lena_2023.jpg\" width=\"600\" height=\"600\" alt=\"\" data-full-image=\"https:\/\/www.kadetten-burgdorf.ch\/website\/wp-content\/uploads\/mueller_lena_2023.jpg\" data-light-image=\"https:\/\/www.kadetten-burgdorf.ch\/website\/wp-content\/uploads\/mueller_lena_2023.jpg\" data-id=\"5893\" class=\"wp-image-5893\" srcset=\"https:\/\/www.kadetten-burgdorf.ch\/website\/wp-content\/uploads\/mueller_lena_2023.jpg 600w, https:\/\/www.kadetten-burgdorf.ch\/website\/wp-content\/uploads\/mueller_lena_2023-300x300.jpg 300w, https:\/\/www.kadetten-burgdorf.ch\/website\/wp-content\/uploads\/mueller_lena_2023-150x150.jpg 150w\" sizes=\"auto, (max-width: 600px) 100vw, 600px\" \/><\/div><\/div><\/figure><\/div><\/li><li class=\"kadence-blocks-gallery-item\" tabindex=\"0\"><div class=\"kadence-blocks-gallery-item-inner\"><figure class=\"kb-gallery-figure kadence-blocks-gallery-item-hide-caption\"><div class=\"kb-gal-image-radius\" style=\"max-width:600px;\"><div class=\"kb-gallery-image-contain kadence-blocks-gallery-intrinsic\" style=\"padding-bottom:100%;\"><img loading=\"lazy\" decoding=\"async\" src=\"https:\/\/www.kadetten-burgdorf.ch\/website\/wp-content\/uploads\/aeschlimann_martin_2024b.jpg\" width=\"600\" height=\"600\" alt=\"\" data-full-image=\"https:\/\/www.kadetten-burgdorf.ch\/website\/wp-content\/uploads\/aeschlimann_martin_2024b.jpg\" data-light-image=\"https:\/\/www.kadetten-burgdorf.ch\/website\/wp-content\/uploads\/aeschlimann_martin_2024b.jpg\" data-id=\"6060\" class=\"wp-image-6060\" srcset=\"https:\/\/www.kadetten-burgdorf.ch\/website\/wp-content\/uploads\/aeschlimann_martin_2024b.jpg 600w, https:\/\/www.kadetten-burgdorf.ch\/website\/wp-content\/uploads\/aeschlimann_martin_2024b-300x300.jpg 300w, https:\/\/www.kadetten-burgdorf.ch\/website\/wp-content\/uploads\/aeschlimann_martin_2024b-150x150.jpg 150w\" sizes=\"auto, (max-width: 600px) 100vw, 600px\" \/><\/div><\/div><\/figure><\/div><\/li><li class=\"kadence-blocks-gallery-item\" tabindex=\"0\"><div class=\"kadence-blocks-gallery-item-inner\"><figure class=\"kb-gallery-figure kadence-blocks-gallery-item-hide-caption\"><div class=\"kb-gal-image-radius\" style=\"max-width:600px;\"><div class=\"kb-gallery-image-contain kadence-blocks-gallery-intrinsic\" style=\"padding-bottom:100%;\"><img loading=\"lazy\" decoding=\"async\" src=\"https:\/\/www.kadetten-burgdorf.ch\/website\/wp-content\/uploads\/zingg_righetti_sybille_vereinigung.jpg\" width=\"600\" height=\"600\" alt=\"\" data-full-image=\"https:\/\/www.kadetten-burgdorf.ch\/website\/wp-content\/uploads\/zingg_righetti_sybille_vereinigung.jpg\" data-light-image=\"https:\/\/www.kadetten-burgdorf.ch\/website\/wp-content\/uploads\/zingg_righetti_sybille_vereinigung.jpg\" data-id=\"6623\" class=\"wp-image-6623\" srcset=\"https:\/\/www.kadetten-burgdorf.ch\/website\/wp-content\/uploads\/zingg_righetti_sybille_vereinigung.jpg 600w, https:\/\/www.kadetten-burgdorf.ch\/website\/wp-content\/uploads\/zingg_righetti_sybille_vereinigung-300x300.jpg 300w, https:\/\/www.kadetten-burgdorf.ch\/website\/wp-content\/uploads\/zingg_righetti_sybille_vereinigung-150x150.jpg 150w\" sizes=\"auto, (max-width: 600px) 100vw, 600px\" \/><\/div><\/div><\/figure><\/div><\/li><\/ul><\/div>\n\n\n<hr class=\"wp-block-separator has-css-opacity is-style-wide\"\/>\n\n\n\n<h2 class=\"wp-block-heading\">Beitrittsformular<\/h2>\n\n\n\n<p class=\"wp-block-paragraph\">Werden auch Sie Mitglied, unterst\u00fctzen eine sinnvolle Sache und bleiben mit den Kadetten Burgdorf verbunden.<\/p>\n\n\n\n<div class=\"wpcf7 no-js\" id=\"wpcf7-f2022-o1\" lang=\"en-US\" dir=\"ltr\" data-wpcf7-id=\"2022\">\n<div class=\"screen-reader-response\"><p role=\"status\" aria-live=\"polite\" aria-atomic=\"true\"><\/p> <ul><\/ul><\/div>\n<form action=\"\/website\/index.php?rest_route=%2Fwp%2Fv2%2Fpages%2F236#wpcf7-f2022-o1\" method=\"post\" class=\"wpcf7-form init\" aria-label=\"Contact form\" novalidate=\"novalidate\" data-status=\"init\">\n<fieldset class=\"hidden-fields-container\"><input type=\"hidden\" name=\"_wpcf7\" value=\"2022\" \/><input type=\"hidden\" name=\"_wpcf7_version\" value=\"6.1.6\" \/><input type=\"hidden\" name=\"_wpcf7_locale\" value=\"en_US\" \/><input type=\"hidden\" name=\"_wpcf7_unit_tag\" value=\"wpcf7-f2022-o1\" \/><input type=\"hidden\" name=\"_wpcf7_container_post\" value=\"0\" \/><input type=\"hidden\" name=\"_wpcf7_posted_data_hash\" value=\"\" \/><input type=\"hidden\" name=\"_wpcf7_recaptcha_response\" value=\"\" \/>\n<\/fieldset>\n<p>Vorname\n<\/p>\n<p><span class=\"wpcf7-form-control-wrap\" data-name=\"vorname\"><input size=\"40\" maxlength=\"400\" class=\"wpcf7-form-control wpcf7-text wpcf7-validates-as-required\" aria-required=\"true\" aria-invalid=\"false\" value=\"\" type=\"text\" name=\"vorname\" \/><\/span>\n<\/p>\n<p>Name\n<\/p>\n<p><span class=\"wpcf7-form-control-wrap\" data-name=\"your-name\"><input size=\"40\" maxlength=\"400\" class=\"wpcf7-form-control wpcf7-text wpcf7-validates-as-required\" aria-required=\"true\" aria-invalid=\"false\" value=\"\" type=\"text\" name=\"your-name\" \/><\/span>\n<\/p>\n<p>Strasse\n<\/p>\n<p><span class=\"wpcf7-form-control-wrap\" data-name=\"strasse\"><input size=\"40\" maxlength=\"400\" class=\"wpcf7-form-control wpcf7-text wpcf7-validates-as-required\" aria-required=\"true\" aria-invalid=\"false\" value=\"\" type=\"text\" name=\"strasse\" \/><\/span>\n<\/p>\n<p>PLZ und Ort\n<\/p>\n<p><span class=\"wpcf7-form-control-wrap\" data-name=\"PLZ_Ort\"><input size=\"40\" maxlength=\"400\" class=\"wpcf7-form-control wpcf7-text wpcf7-validates-as-required\" aria-required=\"true\" aria-invalid=\"false\" value=\"\" type=\"text\" name=\"PLZ_Ort\" \/><\/span>\n<\/p>\n<p>E-Mail-Adresse\n<\/p>\n<p><span class=\"wpcf7-form-control-wrap\" data-name=\"your-email\"><input size=\"40\" maxlength=\"400\" class=\"wpcf7-form-control wpcf7-email wpcf7-validates-as-required wpcf7-text wpcf7-validates-as-email\" aria-required=\"true\" aria-invalid=\"false\" value=\"\" type=\"email\" name=\"your-email\" \/><\/span>\n<\/p>\n<p>Telefon\n<\/p>\n<p><span class=\"wpcf7-form-control-wrap\" data-name=\"telefon\"><input size=\"40\" maxlength=\"400\" class=\"wpcf7-form-control wpcf7-tel wpcf7-validates-as-required wpcf7-text wpcf7-validates-as-tel\" aria-required=\"true\" aria-invalid=\"false\" value=\"\" type=\"tel\" name=\"telefon\" \/><\/span>\n<\/p>\n<p>Mitgliedschaft\n<\/p>\n<p><span class=\"wpcf7-form-control-wrap\" data-name=\"Mitgliedschaft\"><select class=\"wpcf7-form-control wpcf7-select wpcf7-validates-as-required\" aria-required=\"true\" aria-invalid=\"false\" name=\"Mitgliedschaft\"><option value=\"VIP-Mitgliedschaft (50.-)\">VIP-Mitgliedschaft (50.-)<\/option><option value=\"Normal-Mitgliedschaft (25.-)\">Normal-Mitgliedschaft (25.-)<\/option><\/select><\/span>\n<\/p>\n<p>Wie sind Sie auf die Kadettenvereinigung aufmerksam geworden?\n<\/p>\n<p><span class=\"wpcf7-form-control-wrap\" data-name=\"aufmerksam\"><input size=\"40\" maxlength=\"400\" class=\"wpcf7-form-control wpcf7-text\" aria-invalid=\"false\" value=\"\" type=\"text\" name=\"aufmerksam\" \/><\/span>\n<\/p>\n<p><input class=\"wpcf7-form-control wpcf7-submit has-spinner\" type=\"submit\" value=\"Senden\" \/>\n<\/p><div class=\"wpcf7-response-output\" aria-hidden=\"true\"><\/div>\n<\/form>\n<\/div>\n\n\n\n\n<p class=\"wp-block-paragraph\"><\/p>\n","protected":false},"excerpt":{"rendered":"<p>Wer oder was ist die Vereinigung? Die Vereinigung heisst offiziell \u00abVereinigung f\u00fcr das Kadettenwesen der Stadt Burgdorf\u00bb und ist im &#8230; <\/p>\n<p class=\"read-more-container\"><a title=\"Vereinigung\" class=\"read-more button\" href=\"https:\/\/www.kadetten-burgdorf.ch\/website\/?page_id=236#more-236\" aria-label=\"Mehr Informationen \u00fcber Vereinigung\">WEITERLESEN<\/a><\/p>\n","protected":false},"author":12,"featured_media":0,"parent":3253,"menu_order":0,"comment_status":"closed","ping_status":"closed","template":"","meta":{"generate_page_header":"","footnotes":""},"class_list":["post-236","page","type-page","status-publish","no-featured-image-padding"],"jetpack_shortlink":"https:\/\/wp.me\/P2pfNG-3O","jetpack_sharing_enabled":false,"_links":{"self":[{"href":"https:\/\/www.kadetten-burgdorf.ch\/website\/index.php?rest_route=\/wp\/v2\/pages\/236","targetHints":{"allow":["GET"]}}],"collection":[{"href":"https:\/\/www.kadetten-burgdorf.ch\/website\/index.php?rest_route=\/wp\/v2\/pages"}],"about":[{"href":"https:\/\/www.kadetten-burgdorf.ch\/website\/index.php?rest_route=\/wp\/v2\/types\/page"}],"author":[{"embeddable":true,"href":"https:\/\/www.kadetten-burgdorf.ch\/website\/index.php?rest_route=\/wp\/v2\/users\/12"}],"replies":[{"embeddable":true,"href":"https:\/\/www.kadetten-burgdorf.ch\/website\/index.php?rest_route=%2Fwp%2Fv2%2Fcomments&post=236"}],"version-history":[{"count":90,"href":"https:\/\/www.kadetten-burgdorf.ch\/website\/index.php?rest_route=\/wp\/v2\/pages\/236\/revisions"}],"predecessor-version":[{"id":6790,"href":"https:\/\/www.kadetten-burgdorf.ch\/website\/index.php?rest_route=\/wp\/v2\/pages\/236\/revisions\/6790"}],"up":[{"embeddable":true,"href":"https:\/\/www.kadetten-burgdorf.ch\/website\/index.php?rest_route=\/wp\/v2\/pages\/3253"}],"wp:attachment":[{"href":"https:\/\/www.kadetten-burgdorf.ch\/website\/index.php?rest_route=%2Fwp%2Fv2%2Fmedia&parent=236"}],"curies":[{"name":"wp","href":"https:\/\/api.w.org\/{rel}","templated":true}]}}