{"id":223,"date":"2012-12-28T15:04:00","date_gmt":"2012-12-28T14:04:00","guid":{"rendered":"http:\/\/kadetten-burgdorf.retinho.info\/website\/?page_id=223"},"modified":"2026-05-31T14:01:49","modified_gmt":"2026-05-31T12:01:49","slug":"kadere-blitz","status":"publish","type":"page","link":"https:\/\/www.kadetten-burgdorf.ch\/website\/?page_id=223","title":{"rendered":"Kadere-Blitz"},"content":{"rendered":"\n<p class=\"wp-block-paragraph\">Der Kadere-Blitz ist neben der Website unsere offizielle Informationsbrosch\u00fcre und erscheint mindestens drei Mal pro Jahr. Darin erscheinen Berichte zu vergangenen oder Informationen zu bevorstehenden Anl\u00e4ssen. Auch sonstige wichtige Informationen aus dem Kadettenbetrieb oder der Anmeldetalon f\u00fcr die Kadettentage werden \u00fcber den Kadere-Blitz verschickt.<\/p>\n\n\n<style>.wp-block-kadence-advancedgallery .kb-gallery-type-masonry.kb-gallery-id-223_c9ada1-37{margin:-5px;}.kb-gallery-type-masonry.kb-gallery-id-223_c9ada1-37 .kadence-blocks-gallery-item{padding:5px;}.kb-gallery-id-223_c9ada1-37 .kadence-blocks-gallery-item .kb-gal-image-radius, .kb-gallery-id-223_c9ada1-37 .kb-slide-item .kb-gal-image-radius img{border-radius:0px 0px 0px 0px;;}<\/style><div class=\"kb-gallery-wrap-id-223_c9ada1-37 alignnone wp-block-kadence-advancedgallery\"><ul class=\"kb-gallery-ul kb-gallery-non-static kb-gallery-type-masonry kb-masonry-init kb-gallery-id-223_c9ada1-37 kb-gallery-caption-style-bottom-hover kb-gallery-filter-none\" data-image-filter=\"none\" data-item-selector=\".kadence-blocks-gallery-item\" data-lightbox-caption=\"true\" data-columns-xxl=\"3\" data-columns-xl=\"3\" data-columns-md=\"3\" data-columns-sm=\"2\" data-columns-xs=\"1\" data-columns-ss=\"1\"><li class=\"kadence-blocks-gallery-item\"><div class=\"kadence-blocks-gallery-item-inner\"><figure class=\"kb-gallery-figure kb-gallery-item-has-link kadence-blocks-gallery-item-hide-caption\"><a href=\"https:\/\/www.kadetten-burgdorf.ch\/dokumentenablage\/kadereblitz\/Kadere_Blitz_2025-03.pdf\" class=\"kb-gallery-item-link\" target=\"_blank\" rel=\"noopener noreferrer\"><div class=\"kb-gal-image-radius\" style=\"max-width:721px;\"><div class=\"kb-gallery-image-contain kadence-blocks-gallery-intrinsic\" style=\"padding-bottom:142%;\"><img loading=\"lazy\" decoding=\"async\" src=\"https:\/\/www.kadetten-burgdorf.ch\/website\/wp-content\/uploads\/2025-03-721x1024.png\" width=\"721\" height=\"1024\" alt=\"\" data-full-image=\"https:\/\/www.kadetten-burgdorf.ch\/website\/wp-content\/uploads\/2025-03.png\" data-light-image=\"https:\/\/www.kadetten-burgdorf.ch\/website\/wp-content\/uploads\/2025-03.png\" data-id=\"6829\" class=\"wp-image-6829\" srcset=\"https:\/\/www.kadetten-burgdorf.ch\/website\/wp-content\/uploads\/2025-03-721x1024.png 721w, https:\/\/www.kadetten-burgdorf.ch\/website\/wp-content\/uploads\/2025-03-211x300.png 211w, https:\/\/www.kadetten-burgdorf.ch\/website\/wp-content\/uploads\/2025-03-768x1091.png 768w, https:\/\/www.kadetten-burgdorf.ch\/website\/wp-content\/uploads\/2025-03.png 952w\" sizes=\"auto, (max-width: 721px) 100vw, 721px\" \/><\/div><\/div><\/a><\/figure><\/div><\/li><li class=\"kadence-blocks-gallery-item\"><div class=\"kadence-blocks-gallery-item-inner\"><figure class=\"kb-gallery-figure kb-gallery-item-has-link kadence-blocks-gallery-item-hide-caption\"><a href=\"https:\/\/www.kadetten-burgdorf.ch\/dokumentenablage\/kadereblitz\/Kadere_Blitz_2025-02.pdf\" class=\"kb-gallery-item-link\" target=\"_blank\" rel=\"noopener noreferrer\"><div class=\"kb-gal-image-radius\" style=\"max-width:718px;\"><div class=\"kb-gallery-image-contain kadence-blocks-gallery-intrinsic\" style=\"padding-bottom:142%;\"><img loading=\"lazy\" decoding=\"async\" src=\"https:\/\/www.kadetten-burgdorf.ch\/website\/wp-content\/uploads\/kadere_blitz_2025_1-718x1024.jpg\" width=\"718\" height=\"1024\" alt=\"\" data-full-image=\"https:\/\/www.kadetten-burgdorf.ch\/website\/wp-content\/uploads\/kadere_blitz_2025_1.jpg\" data-light-image=\"https:\/\/www.kadetten-burgdorf.ch\/website\/wp-content\/uploads\/kadere_blitz_2025_1.jpg\" data-id=\"6696\" class=\"wp-image-6696\" srcset=\"https:\/\/www.kadetten-burgdorf.ch\/website\/wp-content\/uploads\/kadere_blitz_2025_1-718x1024.jpg 718w, https:\/\/www.kadetten-burgdorf.ch\/website\/wp-content\/uploads\/kadere_blitz_2025_1-210x300.jpg 210w, https:\/\/www.kadetten-burgdorf.ch\/website\/wp-content\/uploads\/kadere_blitz_2025_1-768x1095.jpg 768w, https:\/\/www.kadetten-burgdorf.ch\/website\/wp-content\/uploads\/kadere_blitz_2025_1.jpg 950w\" sizes=\"auto, (max-width: 718px) 100vw, 718px\" \/><\/div><\/div><\/a><\/figure><\/div><\/li><li class=\"kadence-blocks-gallery-item\"><div class=\"kadence-blocks-gallery-item-inner\"><figure class=\"kb-gallery-figure kb-gallery-item-has-link kadence-blocks-gallery-item-hide-caption\"><a href=\"https:\/\/www.kadetten-burgdorf.ch\/dokumentenablage\/kadereblitz\/Kadere_Blitz_2025-01.pdf\" class=\"kb-gallery-item-link\" target=\"_blank\" rel=\"noopener noreferrer\"><div class=\"kb-gal-image-radius\" style=\"max-width:720px;\"><div class=\"kb-gallery-image-contain kadence-blocks-gallery-intrinsic\" style=\"padding-bottom:142%;\"><img loading=\"lazy\" decoding=\"async\" src=\"https:\/\/www.kadetten-burgdorf.ch\/website\/wp-content\/uploads\/kadere-blitz-01-25-720x1024.png\" width=\"720\" height=\"1024\" alt=\"\" data-full-image=\"https:\/\/www.kadetten-burgdorf.ch\/website\/wp-content\/uploads\/kadere-blitz-01-25.png\" data-light-image=\"https:\/\/www.kadetten-burgdorf.ch\/website\/wp-content\/uploads\/kadere-blitz-01-25.png\" data-id=\"6905\" class=\"wp-image-6905\" srcset=\"https:\/\/www.kadetten-burgdorf.ch\/website\/wp-content\/uploads\/kadere-blitz-01-25-720x1024.png 720w, https:\/\/www.kadetten-burgdorf.ch\/website\/wp-content\/uploads\/kadere-blitz-01-25-211x300.png 211w, https:\/\/www.kadetten-burgdorf.ch\/website\/wp-content\/uploads\/kadere-blitz-01-25-768x1092.png 768w, https:\/\/www.kadetten-burgdorf.ch\/website\/wp-content\/uploads\/kadere-blitz-01-25.png 1034w\" sizes=\"auto, (max-width: 720px) 100vw, 720px\" \/><\/div><\/div><\/a><\/figure><\/div><\/li><li class=\"kadence-blocks-gallery-item\"><div class=\"kadence-blocks-gallery-item-inner\"><figure class=\"kb-gallery-figure kb-gallery-item-has-link kadence-blocks-gallery-item-hide-caption\"><a href=\"https:\/\/www.kadetten-burgdorf.ch\/dokumentenablage\/kadereblitz\/Kadere_Blitz_250_Jahre.pdf\" class=\"kb-gallery-item-link\" target=\"_blank\" rel=\"noopener noreferrer\"><div class=\"kb-gal-image-radius\" style=\"max-width:722px;\"><div class=\"kb-gallery-image-contain kadence-blocks-gallery-intrinsic\" style=\"padding-bottom:141%;\"><img loading=\"lazy\" decoding=\"async\" src=\"https:\/\/www.kadetten-burgdorf.ch\/website\/wp-content\/uploads\/Kadere_Blitz_250_Jahre-722x1024.jpg\" width=\"722\" height=\"1024\" alt=\"\" data-full-image=\"https:\/\/www.kadetten-burgdorf.ch\/website\/wp-content\/uploads\/Kadere_Blitz_250_Jahre.jpg\" data-light-image=\"https:\/\/www.kadetten-burgdorf.ch\/website\/wp-content\/uploads\/Kadere_Blitz_250_Jahre.jpg\" data-id=\"6683\" class=\"wp-image-6683\" srcset=\"https:\/\/www.kadetten-burgdorf.ch\/website\/wp-content\/uploads\/Kadere_Blitz_250_Jahre-722x1024.jpg 722w, https:\/\/www.kadetten-burgdorf.ch\/website\/wp-content\/uploads\/Kadere_Blitz_250_Jahre-211x300.jpg 211w, https:\/\/www.kadetten-burgdorf.ch\/website\/wp-content\/uploads\/Kadere_Blitz_250_Jahre-768x1090.jpg 768w, https:\/\/www.kadetten-burgdorf.ch\/website\/wp-content\/uploads\/Kadere_Blitz_250_Jahre-1083x1536.jpg 1083w, https:\/\/www.kadetten-burgdorf.ch\/website\/wp-content\/uploads\/Kadere_Blitz_250_Jahre-1444x2048.jpg 1444w, https:\/\/www.kadetten-burgdorf.ch\/website\/wp-content\/uploads\/Kadere_Blitz_250_Jahre.jpg 1748w\" sizes=\"auto, (max-width: 722px) 100vw, 722px\" \/><\/div><\/div><\/a><\/figure><\/div><\/li><li class=\"kadence-blocks-gallery-item\"><div class=\"kadence-blocks-gallery-item-inner\"><figure class=\"kb-gallery-figure kb-gallery-item-has-link kadence-blocks-gallery-item-hide-caption\"><a href=\"https:\/\/www.kadetten-burgdorf.ch\/dokumentenablage\/kadereblitz\/Kadere_Blitz_2024-03.pdf\" class=\"kb-gallery-item-link\" target=\"_blank\" rel=\"noopener noreferrer\"><div class=\"kb-gal-image-radius\" style=\"max-width:720px;\"><div class=\"kb-gallery-image-contain kadence-blocks-gallery-intrinsic\" style=\"padding-bottom:142%;\"><img loading=\"lazy\" decoding=\"async\" src=\"https:\/\/www.kadetten-burgdorf.ch\/website\/wp-content\/uploads\/kadere_blitz_2024_3-720x1024.jpg\" width=\"720\" height=\"1024\" alt=\"\" data-full-image=\"https:\/\/www.kadetten-burgdorf.ch\/website\/wp-content\/uploads\/kadere_blitz_2024_3.jpg\" data-light-image=\"https:\/\/www.kadetten-burgdorf.ch\/website\/wp-content\/uploads\/kadere_blitz_2024_3.jpg\" data-id=\"6515\" class=\"wp-image-6515\" srcset=\"https:\/\/www.kadetten-burgdorf.ch\/website\/wp-content\/uploads\/kadere_blitz_2024_3-720x1024.jpg 720w, https:\/\/www.kadetten-burgdorf.ch\/website\/wp-content\/uploads\/kadere_blitz_2024_3-211x300.jpg 211w, https:\/\/www.kadetten-burgdorf.ch\/website\/wp-content\/uploads\/kadere_blitz_2024_3-768x1093.jpg 768w, https:\/\/www.kadetten-burgdorf.ch\/website\/wp-content\/uploads\/kadere_blitz_2024_3.jpg 950w\" sizes=\"auto, (max-width: 720px) 100vw, 720px\" \/><\/div><\/div><\/a><\/figure><\/div><\/li><li class=\"kadence-blocks-gallery-item\"><div class=\"kadence-blocks-gallery-item-inner\"><figure class=\"kb-gallery-figure kb-gallery-item-has-link kadence-blocks-gallery-item-hide-caption\"><a href=\"https:\/\/www.kadetten-burgdorf.ch\/dokumentenablage\/kadereblitz\/Kadere_Blitz_2024-02.pdf\" class=\"kb-gallery-item-link\" target=\"_blank\" rel=\"noopener noreferrer\"><div class=\"kb-gal-image-radius\" style=\"max-width:722px;\"><div class=\"kb-gallery-image-contain kadence-blocks-gallery-intrinsic\" style=\"padding-bottom:141%;\"><img loading=\"lazy\" decoding=\"async\" src=\"https:\/\/www.kadetten-burgdorf.ch\/website\/wp-content\/uploads\/kadere_blitz_2024_2-722x1024.jpg\" width=\"722\" height=\"1024\" alt=\"\" data-full-image=\"https:\/\/www.kadetten-burgdorf.ch\/website\/wp-content\/uploads\/kadere_blitz_2024_2.jpg\" data-light-image=\"https:\/\/www.kadetten-burgdorf.ch\/website\/wp-content\/uploads\/kadere_blitz_2024_2.jpg\" data-id=\"6347\" class=\"wp-image-6347\" srcset=\"https:\/\/www.kadetten-burgdorf.ch\/website\/wp-content\/uploads\/kadere_blitz_2024_2-722x1024.jpg 722w, https:\/\/www.kadetten-burgdorf.ch\/website\/wp-content\/uploads\/kadere_blitz_2024_2-212x300.jpg 212w, https:\/\/www.kadetten-burgdorf.ch\/website\/wp-content\/uploads\/kadere_blitz_2024_2-768x1089.jpg 768w, https:\/\/www.kadetten-burgdorf.ch\/website\/wp-content\/uploads\/kadere_blitz_2024_2-1083x1536.jpg 1083w, https:\/\/www.kadetten-burgdorf.ch\/website\/wp-content\/uploads\/kadere_blitz_2024_2-1444x2048.jpg 1444w, https:\/\/www.kadetten-burgdorf.ch\/website\/wp-content\/uploads\/kadere_blitz_2024_2.jpg 1512w\" sizes=\"auto, (max-width: 722px) 100vw, 722px\" \/><\/div><\/div><\/a><\/figure><\/div><\/li><li class=\"kadence-blocks-gallery-item\"><div class=\"kadence-blocks-gallery-item-inner\"><figure class=\"kb-gallery-figure kb-gallery-item-has-link kadence-blocks-gallery-item-hide-caption\"><a href=\"https:\/\/www.kadetten-burgdorf.ch\/dokumentenablage\/kadereblitz\/Kadere_Blitz_2024-01.pdf\" class=\"kb-gallery-item-link\" target=\"_blank\" rel=\"noopener noreferrer\"><div class=\"kb-gal-image-radius\" style=\"max-width:722px;\"><div class=\"kb-gallery-image-contain kadence-blocks-gallery-intrinsic\" style=\"padding-bottom:141%;\"><img loading=\"lazy\" decoding=\"async\" src=\"https:\/\/www.kadetten-burgdorf.ch\/website\/wp-content\/uploads\/kadere_blitz_2024_1-722x1024.png\" width=\"722\" height=\"1024\" alt=\"\" data-full-image=\"https:\/\/www.kadetten-burgdorf.ch\/website\/wp-content\/uploads\/kadere_blitz_2024_1.png\" data-light-image=\"https:\/\/www.kadetten-burgdorf.ch\/website\/wp-content\/uploads\/kadere_blitz_2024_1.png\" data-id=\"6252\" class=\"wp-image-6252\" srcset=\"https:\/\/www.kadetten-burgdorf.ch\/website\/wp-content\/uploads\/kadere_blitz_2024_1-722x1024.png 722w, https:\/\/www.kadetten-burgdorf.ch\/website\/wp-content\/uploads\/kadere_blitz_2024_1-212x300.png 212w, https:\/\/www.kadetten-burgdorf.ch\/website\/wp-content\/uploads\/kadere_blitz_2024_1-768x1089.png 768w, https:\/\/www.kadetten-burgdorf.ch\/website\/wp-content\/uploads\/kadere_blitz_2024_1-1083x1536.png 1083w, https:\/\/www.kadetten-burgdorf.ch\/website\/wp-content\/uploads\/kadere_blitz_2024_1.png 1114w\" sizes=\"auto, (max-width: 722px) 100vw, 722px\" \/><\/div><\/div><\/a><\/figure><\/div><\/li><li class=\"kadence-blocks-gallery-item\"><div class=\"kadence-blocks-gallery-item-inner\"><figure class=\"kb-gallery-figure kb-gallery-item-has-link kadence-blocks-gallery-item-hide-caption\"><a href=\"https:\/\/www.kadetten-burgdorf.ch\/dokumentenablage\/kadereblitz\/Kadere_Blitz_2023-03.pdf\" class=\"kb-gallery-item-link\" target=\"_blank\" rel=\"noopener noreferrer\"><div class=\"kb-gal-image-radius\" style=\"max-width:722px;\"><div class=\"kb-gallery-image-contain kadence-blocks-gallery-intrinsic\" style=\"padding-bottom:141%;\"><img loading=\"lazy\" decoding=\"async\" src=\"https:\/\/www.kadetten-burgdorf.ch\/website\/wp-content\/uploads\/kadere_blitz_2023_3-722x1024.jpg\" width=\"722\" height=\"1024\" alt=\"\" data-full-image=\"https:\/\/www.kadetten-burgdorf.ch\/website\/wp-content\/uploads\/kadere_blitz_2023_3.jpg\" data-light-image=\"https:\/\/www.kadetten-burgdorf.ch\/website\/wp-content\/uploads\/kadere_blitz_2023_3.jpg\" data-id=\"6067\" class=\"wp-image-6067\" srcset=\"https:\/\/www.kadetten-burgdorf.ch\/website\/wp-content\/uploads\/kadere_blitz_2023_3-722x1024.jpg 722w, https:\/\/www.kadetten-burgdorf.ch\/website\/wp-content\/uploads\/kadere_blitz_2023_3-212x300.jpg 212w, https:\/\/www.kadetten-burgdorf.ch\/website\/wp-content\/uploads\/kadere_blitz_2023_3-768x1089.jpg 768w, https:\/\/www.kadetten-burgdorf.ch\/website\/wp-content\/uploads\/kadere_blitz_2023_3-1083x1536.jpg 1083w, https:\/\/www.kadetten-burgdorf.ch\/website\/wp-content\/uploads\/kadere_blitz_2023_3.jpg 1124w\" sizes=\"auto, (max-width: 722px) 100vw, 722px\" \/><\/div><\/div><\/a><\/figure><\/div><\/li><li class=\"kadence-blocks-gallery-item\"><div class=\"kadence-blocks-gallery-item-inner\"><figure class=\"kb-gallery-figure kb-gallery-item-has-link kadence-blocks-gallery-item-hide-caption\"><a href=\"https:\/\/www.kadetten-burgdorf.ch\/dokumentenablage\/kadereblitz\/Kadere_Blitz_2023-02.pdf\" class=\"kb-gallery-item-link\" target=\"_blank\" rel=\"noopener noreferrer\"><div class=\"kb-gal-image-radius\" style=\"max-width:721px;\"><div class=\"kb-gallery-image-contain kadence-blocks-gallery-intrinsic\" style=\"padding-bottom:142%;\"><img loading=\"lazy\" decoding=\"async\" src=\"https:\/\/www.kadetten-burgdorf.ch\/website\/wp-content\/uploads\/kadere_blitz_2023_2-721x1024.jpg\" width=\"721\" height=\"1024\" alt=\"\" data-full-image=\"https:\/\/www.kadetten-burgdorf.ch\/website\/wp-content\/uploads\/kadere_blitz_2023_2.jpg\" data-light-image=\"https:\/\/www.kadetten-burgdorf.ch\/website\/wp-content\/uploads\/kadere_blitz_2023_2.jpg\" data-id=\"5915\" class=\"wp-image-5915\" srcset=\"https:\/\/www.kadetten-burgdorf.ch\/website\/wp-content\/uploads\/kadere_blitz_2023_2-721x1024.jpg 721w, https:\/\/www.kadetten-burgdorf.ch\/website\/wp-content\/uploads\/kadere_blitz_2023_2-211x300.jpg 211w, https:\/\/www.kadetten-burgdorf.ch\/website\/wp-content\/uploads\/kadere_blitz_2023_2-768x1091.jpg 768w, https:\/\/www.kadetten-burgdorf.ch\/website\/wp-content\/uploads\/kadere_blitz_2023_2-1082x1536.jpg 1082w, https:\/\/www.kadetten-burgdorf.ch\/website\/wp-content\/uploads\/kadere_blitz_2023_2.jpg 1124w\" sizes=\"auto, (max-width: 721px) 100vw, 721px\" \/><\/div><\/div><\/a><\/figure><\/div><\/li><li class=\"kadence-blocks-gallery-item\"><div class=\"kadence-blocks-gallery-item-inner\"><figure class=\"kb-gallery-figure kb-gallery-item-has-link kadence-blocks-gallery-item-hide-caption\"><a href=\"https:\/\/www.kadetten-burgdorf.ch\/dokumentenablage\/kadereblitz\/Kadere_Blitz_2023-01.pdf\" class=\"kb-gallery-item-link\" target=\"_blank\" rel=\"noopener noreferrer\"><div class=\"kb-gal-image-radius\" style=\"max-width:721px;\"><div class=\"kb-gallery-image-contain kadence-blocks-gallery-intrinsic\" style=\"padding-bottom:142%;\"><img loading=\"lazy\" decoding=\"async\" src=\"https:\/\/www.kadetten-burgdorf.ch\/website\/wp-content\/uploads\/2023-01-721x1024.png\" width=\"721\" height=\"1024\" alt=\"\" data-full-image=\"https:\/\/www.kadetten-burgdorf.ch\/website\/wp-content\/uploads\/2023-01.png\" data-light-image=\"https:\/\/www.kadetten-burgdorf.ch\/website\/wp-content\/uploads\/2023-01.png\" data-id=\"5827\" class=\"wp-image-5827\" srcset=\"https:\/\/www.kadetten-burgdorf.ch\/website\/wp-content\/uploads\/2023-01-721x1024.png 721w, https:\/\/www.kadetten-burgdorf.ch\/website\/wp-content\/uploads\/2023-01-211x300.png 211w, https:\/\/www.kadetten-burgdorf.ch\/website\/wp-content\/uploads\/2023-01-768x1091.png 768w, https:\/\/www.kadetten-burgdorf.ch\/website\/wp-content\/uploads\/2023-01-1081x1536.png 1081w, https:\/\/www.kadetten-burgdorf.ch\/website\/wp-content\/uploads\/2023-01.png 1112w\" sizes=\"auto, (max-width: 721px) 100vw, 721px\" \/><\/div><\/div><\/a><\/figure><\/div><\/li><li class=\"kadence-blocks-gallery-item\"><div class=\"kadence-blocks-gallery-item-inner\"><figure class=\"kb-gallery-figure kb-gallery-item-has-link kadence-blocks-gallery-item-hide-caption\"><a href=\"https:\/\/www.kadetten-burgdorf.ch\/dokumentenablage\/kadereblitz\/Kadere_Blitz_2022-03.pdf\" class=\"kb-gallery-item-link\" target=\"_blank\" rel=\"noopener noreferrer\"><div class=\"kb-gal-image-radius\" style=\"max-width:720px;\"><div class=\"kb-gallery-image-contain kadence-blocks-gallery-intrinsic\" style=\"padding-bottom:142%;\"><img loading=\"lazy\" decoding=\"async\" src=\"https:\/\/www.kadetten-burgdorf.ch\/website\/wp-content\/uploads\/2023-03-720x1024.jpg\" width=\"720\" height=\"1024\" alt=\"\" data-full-image=\"https:\/\/www.kadetten-burgdorf.ch\/website\/wp-content\/uploads\/2023-03.jpg\" data-light-image=\"https:\/\/www.kadetten-burgdorf.ch\/website\/wp-content\/uploads\/2023-03.jpg\" data-id=\"5889\" class=\"wp-image-5889\" srcset=\"https:\/\/www.kadetten-burgdorf.ch\/website\/wp-content\/uploads\/2023-03-720x1024.jpg 720w, https:\/\/www.kadetten-burgdorf.ch\/website\/wp-content\/uploads\/2023-03-211x300.jpg 211w, https:\/\/www.kadetten-burgdorf.ch\/website\/wp-content\/uploads\/2023-03-768x1092.jpg 768w, https:\/\/www.kadetten-burgdorf.ch\/website\/wp-content\/uploads\/2023-03.jpg 1000w\" sizes=\"auto, (max-width: 720px) 100vw, 720px\" \/><\/div><\/div><\/a><\/figure><\/div><\/li><li class=\"kadence-blocks-gallery-item\"><div class=\"kadence-blocks-gallery-item-inner\"><figure class=\"kb-gallery-figure kb-gallery-item-has-link kadence-blocks-gallery-item-hide-caption\"><a href=\"https:\/\/www.kadetten-burgdorf.ch\/dokumentenablage\/kadereblitz\/Kadere_Blitz_2022-02.pdf\" class=\"kb-gallery-item-link\"  ><div class=\"kb-gal-image-radius\" style=\"max-width:721px;\"><div class=\"kb-gallery-image-contain kadence-blocks-gallery-intrinsic\" style=\"padding-bottom:142%;\"><img loading=\"lazy\" decoding=\"async\" src=\"https:\/\/www.kadetten-burgdorf.ch\/website\/wp-content\/uploads\/2022-02-721x1024.jpg\" width=\"721\" height=\"1024\" alt=\"\" data-full-image=\"https:\/\/www.kadetten-burgdorf.ch\/website\/wp-content\/uploads\/2022-02.jpg\" data-light-image=\"https:\/\/www.kadetten-burgdorf.ch\/website\/wp-content\/uploads\/2022-02.jpg\" data-id=\"5640\" class=\"wp-image-5640\" srcset=\"https:\/\/www.kadetten-burgdorf.ch\/website\/wp-content\/uploads\/2022-02-721x1024.jpg 721w, https:\/\/www.kadetten-burgdorf.ch\/website\/wp-content\/uploads\/2022-02-211x300.jpg 211w, https:\/\/www.kadetten-burgdorf.ch\/website\/wp-content\/uploads\/2022-02-768x1090.jpg 768w, https:\/\/www.kadetten-burgdorf.ch\/website\/wp-content\/uploads\/2022-02-1082x1536.jpg 1082w, https:\/\/www.kadetten-burgdorf.ch\/website\/wp-content\/uploads\/2022-02-1443x2048.jpg 1443w, https:\/\/www.kadetten-burgdorf.ch\/website\/wp-content\/uploads\/2022-02.jpg 1748w\" sizes=\"auto, (max-width: 721px) 100vw, 721px\" \/><\/div><\/div><\/a><\/figure><\/div><\/li><li class=\"kadence-blocks-gallery-item\"><div class=\"kadence-blocks-gallery-item-inner\"><figure class=\"kb-gallery-figure kb-gallery-item-has-link kadence-blocks-gallery-item-hide-caption\"><a href=\"https:\/\/www.kadetten-burgdorf.ch\/dokumentenablage\/kadereblitz\/Kadere_Blitz_2022-01.pdf\" class=\"kb-gallery-item-link\"  ><div class=\"kb-gal-image-radius\" style=\"max-width:722px;\"><div class=\"kb-gallery-image-contain kadence-blocks-gallery-intrinsic\" style=\"padding-bottom:141%;\"><img loading=\"lazy\" decoding=\"async\" src=\"https:\/\/www.kadetten-burgdorf.ch\/website\/wp-content\/uploads\/2022-01-722x1024.jpg\" width=\"722\" height=\"1024\" alt=\"2022-01\" data-full-image=\"https:\/\/www.kadetten-burgdorf.ch\/website\/wp-content\/uploads\/2022-01.jpg\" data-light-image=\"https:\/\/www.kadetten-burgdorf.ch\/website\/wp-content\/uploads\/2022-01.jpg\" data-id=\"5573\" class=\"wp-image-5573\" srcset=\"https:\/\/www.kadetten-burgdorf.ch\/website\/wp-content\/uploads\/2022-01-722x1024.jpg 722w, https:\/\/www.kadetten-burgdorf.ch\/website\/wp-content\/uploads\/2022-01-211x300.jpg 211w, https:\/\/www.kadetten-burgdorf.ch\/website\/wp-content\/uploads\/2022-01-768x1089.jpg 768w, https:\/\/www.kadetten-burgdorf.ch\/website\/wp-content\/uploads\/2022-01-1083x1536.jpg 1083w, https:\/\/www.kadetten-burgdorf.ch\/website\/wp-content\/uploads\/2022-01-1444x2048.jpg 1444w, https:\/\/www.kadetten-burgdorf.ch\/website\/wp-content\/uploads\/2022-01.jpg 1749w\" sizes=\"auto, (max-width: 722px) 100vw, 722px\" \/><\/div><\/div><\/a><\/figure><\/div><\/li><li class=\"kadence-blocks-gallery-item\"><div class=\"kadence-blocks-gallery-item-inner\"><figure class=\"kb-gallery-figure kb-gallery-item-has-link kadence-blocks-gallery-item-hide-caption\"><a href=\"https:\/\/www.kadetten-burgdorf.ch\/dokumentenablage\/kadereblitz\/Kadere_Blitz_2021-02.pdf\" class=\"kb-gallery-item-link\"  ><div class=\"kb-gal-image-radius\" style=\"max-width:722px;\"><div class=\"kb-gallery-image-contain kadence-blocks-gallery-intrinsic\" style=\"padding-bottom:141%;\"><img loading=\"lazy\" decoding=\"async\" src=\"https:\/\/www.kadetten-burgdorf.ch\/website\/wp-content\/uploads\/2021-01-722x1024.jpg\" width=\"722\" height=\"1024\" alt=\"\" data-full-image=\"https:\/\/www.kadetten-burgdorf.ch\/website\/wp-content\/uploads\/2021-01.jpg\" data-light-image=\"https:\/\/www.kadetten-burgdorf.ch\/website\/wp-content\/uploads\/2021-01.jpg\" data-id=\"5485\" class=\"wp-image-5485\" srcset=\"https:\/\/www.kadetten-burgdorf.ch\/website\/wp-content\/uploads\/2021-01-722x1024.jpg 722w, https:\/\/www.kadetten-burgdorf.ch\/website\/wp-content\/uploads\/2021-01-211x300.jpg 211w, https:\/\/www.kadetten-burgdorf.ch\/website\/wp-content\/uploads\/2021-01-768x1089.jpg 768w, https:\/\/www.kadetten-burgdorf.ch\/website\/wp-content\/uploads\/2021-01-1083x1536.jpg 1083w, https:\/\/www.kadetten-burgdorf.ch\/website\/wp-content\/uploads\/2021-01-1444x2048.jpg 1444w, https:\/\/www.kadetten-burgdorf.ch\/website\/wp-content\/uploads\/2021-01.jpg 1749w\" sizes=\"auto, (max-width: 722px) 100vw, 722px\" \/><\/div><\/div><\/a><\/figure><\/div><\/li><li class=\"kadence-blocks-gallery-item\"><div class=\"kadence-blocks-gallery-item-inner\"><figure class=\"kb-gallery-figure kb-gallery-item-has-link kadence-blocks-gallery-item-hide-caption\"><a href=\"https:\/\/www.kadetten-burgdorf.ch\/dokumentenablage\/kadereblitz\/Kadere_Blitz_2021-01.pdf\" class=\"kb-gallery-item-link\"  ><div class=\"kb-gal-image-radius\" style=\"max-width:720px;\"><div class=\"kb-gallery-image-contain kadence-blocks-gallery-intrinsic\" style=\"padding-bottom:142%;\"><img loading=\"lazy\" decoding=\"async\" src=\"https:\/\/www.kadetten-burgdorf.ch\/website\/wp-content\/uploads\/27CA6C27-A33A-4C2A-9EC3-574087B280F3-720x1024.jpeg\" width=\"720\" height=\"1024\" alt=\"\" data-full-image=\"https:\/\/www.kadetten-burgdorf.ch\/website\/wp-content\/uploads\/27CA6C27-A33A-4C2A-9EC3-574087B280F3.jpeg\" data-light-image=\"https:\/\/www.kadetten-burgdorf.ch\/website\/wp-content\/uploads\/27CA6C27-A33A-4C2A-9EC3-574087B280F3.jpeg\" data-id=\"5364\" class=\"wp-image-5364\" srcset=\"https:\/\/www.kadetten-burgdorf.ch\/website\/wp-content\/uploads\/27CA6C27-A33A-4C2A-9EC3-574087B280F3-720x1024.jpeg 720w, https:\/\/www.kadetten-burgdorf.ch\/website\/wp-content\/uploads\/27CA6C27-A33A-4C2A-9EC3-574087B280F3-211x300.jpeg 211w, https:\/\/www.kadetten-burgdorf.ch\/website\/wp-content\/uploads\/27CA6C27-A33A-4C2A-9EC3-574087B280F3-768x1092.jpeg 768w, https:\/\/www.kadetten-burgdorf.ch\/website\/wp-content\/uploads\/27CA6C27-A33A-4C2A-9EC3-574087B280F3-1080x1536.jpeg 1080w, https:\/\/www.kadetten-burgdorf.ch\/website\/wp-content\/uploads\/27CA6C27-A33A-4C2A-9EC3-574087B280F3-1440x2048.jpeg 1440w, https:\/\/www.kadetten-burgdorf.ch\/website\/wp-content\/uploads\/27CA6C27-A33A-4C2A-9EC3-574087B280F3.jpeg 1745w\" sizes=\"auto, (max-width: 720px) 100vw, 720px\" \/><\/div><\/div><\/a><\/figure><\/div><\/li><li class=\"kadence-blocks-gallery-item\"><div class=\"kadence-blocks-gallery-item-inner\"><figure class=\"kb-gallery-figure kb-gallery-item-has-link kadence-blocks-gallery-item-hide-caption\"><a href=\"https:\/\/www.kadetten-burgdorf.ch\/dokumentenablage\/kadereblitz\/Kadere_Blitz_2020-02.pdf\" class=\"kb-gallery-item-link\" target=\"_blank\" rel=\"noopener noreferrer\"><div class=\"kb-gal-image-radius\" style=\"max-width:722px;\"><div class=\"kb-gallery-image-contain kadence-blocks-gallery-intrinsic\" style=\"padding-bottom:141%;\"><img loading=\"lazy\" decoding=\"async\" src=\"https:\/\/www.kadetten-burgdorf.ch\/website\/wp-content\/uploads\/2020-02-722x1024.jpg\" width=\"722\" height=\"1024\" alt=\"\" data-full-image=\"https:\/\/www.kadetten-burgdorf.ch\/website\/wp-content\/uploads\/2020-02.jpg\" data-light-image=\"https:\/\/www.kadetten-burgdorf.ch\/website\/wp-content\/uploads\/2020-02.jpg\" data-id=\"4941\" class=\"wp-image-4941\" srcset=\"https:\/\/www.kadetten-burgdorf.ch\/website\/wp-content\/uploads\/2020-02-722x1024.jpg 722w, https:\/\/www.kadetten-burgdorf.ch\/website\/wp-content\/uploads\/2020-02-211x300.jpg 211w, https:\/\/www.kadetten-burgdorf.ch\/website\/wp-content\/uploads\/2020-02-768x1089.jpg 768w, https:\/\/www.kadetten-burgdorf.ch\/website\/wp-content\/uploads\/2020-02-1083x1536.jpg 1083w, https:\/\/www.kadetten-burgdorf.ch\/website\/wp-content\/uploads\/2020-02-1444x2048.jpg 1444w, https:\/\/www.kadetten-burgdorf.ch\/website\/wp-content\/uploads\/2020-02.jpg 1749w\" sizes=\"auto, (max-width: 722px) 100vw, 722px\" \/><\/div><\/div><\/a><\/figure><\/div><\/li><li class=\"kadence-blocks-gallery-item\"><div class=\"kadence-blocks-gallery-item-inner\"><figure class=\"kb-gallery-figure kb-gallery-item-has-link kadence-blocks-gallery-item-hide-caption\"><a href=\"https:\/\/www.kadetten-burgdorf.ch\/dokumentenablage\/kadereblitz\/Kadere_Blitz_2020-01.pdf\" class=\"kb-gallery-item-link\" target=\"_blank\" rel=\"noopener noreferrer\"><div class=\"kb-gal-image-radius\" style=\"max-width:721px;\"><div class=\"kb-gallery-image-contain kadence-blocks-gallery-intrinsic\" style=\"padding-bottom:142%;\"><img loading=\"lazy\" decoding=\"async\" src=\"https:\/\/www.kadetten-burgdorf.ch\/website\/wp-content\/uploads\/kadereblitz_2020_01-721x1024.jpg\" width=\"721\" height=\"1024\" alt=\"\" data-full-image=\"https:\/\/www.kadetten-burgdorf.ch\/website\/wp-content\/uploads\/kadereblitz_2020_01.jpg\" data-light-image=\"https:\/\/www.kadetten-burgdorf.ch\/website\/wp-content\/uploads\/kadereblitz_2020_01.jpg\" data-id=\"4647\" class=\"wp-image-4647\" srcset=\"https:\/\/www.kadetten-burgdorf.ch\/website\/wp-content\/uploads\/kadereblitz_2020_01-721x1024.jpg 721w, https:\/\/www.kadetten-burgdorf.ch\/website\/wp-content\/uploads\/kadereblitz_2020_01-211x300.jpg 211w, https:\/\/www.kadetten-burgdorf.ch\/website\/wp-content\/uploads\/kadereblitz_2020_01-768x1090.jpg 768w, https:\/\/www.kadetten-burgdorf.ch\/website\/wp-content\/uploads\/kadereblitz_2020_01.jpg 1748w\" sizes=\"auto, (max-width: 721px) 100vw, 721px\" \/><\/div><\/div><\/a><\/figure><\/div><\/li><li class=\"kadence-blocks-gallery-item\"><div class=\"kadence-blocks-gallery-item-inner\"><figure class=\"kb-gallery-figure kb-gallery-item-has-link kadence-blocks-gallery-item-hide-caption\"><a href=\"https:\/\/www.kadetten-burgdorf.ch\/dokumentenablage\/kadereblitz\/Kadere_Blitz_2019-03.pdf\" class=\"kb-gallery-item-link\" target=\"_blank\" rel=\"noopener noreferrer\"><div class=\"kb-gal-image-radius\" style=\"max-width:721px;\"><div class=\"kb-gallery-image-contain kadence-blocks-gallery-intrinsic\" style=\"padding-bottom:142%;\"><img loading=\"lazy\" decoding=\"async\" src=\"https:\/\/www.kadetten-burgdorf.ch\/website\/wp-content\/uploads\/kadereblitz_0319-721x1024.jpg\" width=\"721\" height=\"1024\" alt=\"\" data-full-image=\"https:\/\/www.kadetten-burgdorf.ch\/website\/wp-content\/uploads\/kadereblitz_0319.jpg\" data-light-image=\"https:\/\/www.kadetten-burgdorf.ch\/website\/wp-content\/uploads\/kadereblitz_0319.jpg\" data-id=\"4560\" class=\"wp-image-4560\" srcset=\"https:\/\/www.kadetten-burgdorf.ch\/website\/wp-content\/uploads\/kadereblitz_0319-721x1024.jpg 721w, https:\/\/www.kadetten-burgdorf.ch\/website\/wp-content\/uploads\/kadereblitz_0319-211x300.jpg 211w, https:\/\/www.kadetten-burgdorf.ch\/website\/wp-content\/uploads\/kadereblitz_0319-768x1090.jpg 768w, https:\/\/www.kadetten-burgdorf.ch\/website\/wp-content\/uploads\/kadereblitz_0319.jpg 1748w\" sizes=\"auto, (max-width: 721px) 100vw, 721px\" \/><\/div><\/div><\/a><\/figure><\/div><\/li><li class=\"kadence-blocks-gallery-item\"><div class=\"kadence-blocks-gallery-item-inner\"><figure class=\"kb-gallery-figure kb-gallery-item-has-link kadence-blocks-gallery-item-hide-caption\"><a href=\"https:\/\/www.kadetten-burgdorf.ch\/dokumentenablage\/kadereblitz\/Kadere_Blitz_2019-02.pdf\" class=\"kb-gallery-item-link\" target=\"_blank\" rel=\"noopener noreferrer\"><div class=\"kb-gal-image-radius\" style=\"max-width:722px;\"><div class=\"kb-gallery-image-contain kadence-blocks-gallery-intrinsic\" style=\"padding-bottom:141%;\"><img loading=\"lazy\" decoding=\"async\" src=\"https:\/\/www.kadetten-burgdorf.ch\/website\/wp-content\/uploads\/kad_beitrag_kadereblitz_2019_02-02-722x1024.jpg\" width=\"722\" height=\"1024\" alt=\"\" data-full-image=\"https:\/\/www.kadetten-burgdorf.ch\/website\/wp-content\/uploads\/kad_beitrag_kadereblitz_2019_02-02.jpg\" data-light-image=\"https:\/\/www.kadetten-burgdorf.ch\/website\/wp-content\/uploads\/kad_beitrag_kadereblitz_2019_02-02.jpg\" data-id=\"4402\" class=\"wp-image-4402\" srcset=\"https:\/\/www.kadetten-burgdorf.ch\/website\/wp-content\/uploads\/kad_beitrag_kadereblitz_2019_02-02-722x1024.jpg 722w, https:\/\/www.kadetten-burgdorf.ch\/website\/wp-content\/uploads\/kad_beitrag_kadereblitz_2019_02-02-211x300.jpg 211w, https:\/\/www.kadetten-burgdorf.ch\/website\/wp-content\/uploads\/kad_beitrag_kadereblitz_2019_02-02-768x1089.jpg 768w, https:\/\/www.kadetten-burgdorf.ch\/website\/wp-content\/uploads\/kad_beitrag_kadereblitz_2019_02-02.jpg 1749w\" sizes=\"auto, (max-width: 722px) 100vw, 722px\" \/><\/div><\/div><\/a><\/figure><\/div><\/li><li class=\"kadence-blocks-gallery-item\"><div class=\"kadence-blocks-gallery-item-inner\"><figure class=\"kb-gallery-figure kb-gallery-item-has-link kadence-blocks-gallery-item-hide-caption\"><a href=\"https:\/\/www.kadetten-burgdorf.ch\/dokumentenablage\/kadereblitz\/Kadere_Blitz_2019-01.pdf\" class=\"kb-gallery-item-link\" target=\"_blank\" rel=\"noopener noreferrer\"><div class=\"kb-gal-image-radius\" style=\"max-width:722px;\"><div class=\"kb-gallery-image-contain kadence-blocks-gallery-intrinsic\" style=\"padding-bottom:141%;\"><img loading=\"lazy\" decoding=\"async\" src=\"https:\/\/www.kadetten-burgdorf.ch\/website\/wp-content\/uploads\/kad_beitrag_kadereblitz_2019_01-1-722x1024.jpg\" width=\"722\" height=\"1024\" alt=\"\" data-full-image=\"https:\/\/www.kadetten-burgdorf.ch\/website\/wp-content\/uploads\/kad_beitrag_kadereblitz_2019_01-1.jpg\" data-light-image=\"https:\/\/www.kadetten-burgdorf.ch\/website\/wp-content\/uploads\/kad_beitrag_kadereblitz_2019_01-1.jpg\" data-id=\"4331\" class=\"wp-image-4331\" srcset=\"https:\/\/www.kadetten-burgdorf.ch\/website\/wp-content\/uploads\/kad_beitrag_kadereblitz_2019_01-1-722x1024.jpg 722w, https:\/\/www.kadetten-burgdorf.ch\/website\/wp-content\/uploads\/kad_beitrag_kadereblitz_2019_01-1-211x300.jpg 211w, https:\/\/www.kadetten-burgdorf.ch\/website\/wp-content\/uploads\/kad_beitrag_kadereblitz_2019_01-1-768x1089.jpg 768w, https:\/\/www.kadetten-burgdorf.ch\/website\/wp-content\/uploads\/kad_beitrag_kadereblitz_2019_01-1.jpg 1749w\" sizes=\"auto, (max-width: 722px) 100vw, 722px\" \/><\/div><\/div><\/a><\/figure><\/div><\/li><li class=\"kadence-blocks-gallery-item\"><div class=\"kadence-blocks-gallery-item-inner\"><figure class=\"kb-gallery-figure kb-gallery-item-has-link kadence-blocks-gallery-item-hide-caption\"><a href=\"https:\/\/www.kadetten-burgdorf.ch\/dokumentenablage\/kadereblitz\/Kadere_Blitz_2018-03.pdf\" class=\"kb-gallery-item-link\" target=\"_blank\" rel=\"noopener noreferrer\"><div class=\"kb-gal-image-radius\" style=\"max-width:722px;\"><div class=\"kb-gallery-image-contain kadence-blocks-gallery-intrinsic\" style=\"padding-bottom:141%;\"><img loading=\"lazy\" decoding=\"async\" src=\"https:\/\/www.kadetten-burgdorf.ch\/website\/wp-content\/uploads\/2018-03-722x1024.jpg\" width=\"722\" height=\"1024\" alt=\"\" data-full-image=\"https:\/\/www.kadetten-burgdorf.ch\/website\/wp-content\/uploads\/2018-03.jpg\" data-light-image=\"https:\/\/www.kadetten-burgdorf.ch\/website\/wp-content\/uploads\/2018-03.jpg\" data-id=\"4229\" class=\"wp-image-4229\" srcset=\"https:\/\/www.kadetten-burgdorf.ch\/website\/wp-content\/uploads\/2018-03-722x1024.jpg 722w, https:\/\/www.kadetten-burgdorf.ch\/website\/wp-content\/uploads\/2018-03-211x300.jpg 211w, https:\/\/www.kadetten-burgdorf.ch\/website\/wp-content\/uploads\/2018-03-768x1089.jpg 768w, https:\/\/www.kadetten-burgdorf.ch\/website\/wp-content\/uploads\/2018-03.jpg 1749w\" sizes=\"auto, (max-width: 722px) 100vw, 722px\" \/><\/div><\/div><\/a><\/figure><\/div><\/li><li class=\"kadence-blocks-gallery-item\"><div class=\"kadence-blocks-gallery-item-inner\"><figure class=\"kb-gallery-figure kb-gallery-item-has-link kadence-blocks-gallery-item-hide-caption\"><a href=\"https:\/\/www.kadetten-burgdorf.ch\/dokumentenablage\/kadereblitz\/Kadere_Blitz_2018-02.pdf\" class=\"kb-gallery-item-link\" target=\"_blank\" rel=\"noopener noreferrer\"><div class=\"kb-gal-image-radius\" style=\"max-width:722px;\"><div class=\"kb-gallery-image-contain kadence-blocks-gallery-intrinsic\" style=\"padding-bottom:141%;\"><img loading=\"lazy\" decoding=\"async\" src=\"https:\/\/www.kadetten-burgdorf.ch\/website\/wp-content\/uploads\/2018-02-722x1024.jpg\" width=\"722\" height=\"1024\" alt=\"\" data-full-image=\"https:\/\/www.kadetten-burgdorf.ch\/website\/wp-content\/uploads\/2018-02.jpg\" data-light-image=\"https:\/\/www.kadetten-burgdorf.ch\/website\/wp-content\/uploads\/2018-02.jpg\" data-id=\"3479\" class=\"wp-image-3479\" srcset=\"https:\/\/www.kadetten-burgdorf.ch\/website\/wp-content\/uploads\/2018-02-722x1024.jpg 722w, https:\/\/www.kadetten-burgdorf.ch\/website\/wp-content\/uploads\/2018-02-211x300.jpg 211w, https:\/\/www.kadetten-burgdorf.ch\/website\/wp-content\/uploads\/2018-02-768x1089.jpg 768w, https:\/\/www.kadetten-burgdorf.ch\/website\/wp-content\/uploads\/2018-02.jpg 1749w\" sizes=\"auto, (max-width: 722px) 100vw, 722px\" \/><\/div><\/div><\/a><\/figure><\/div><\/li><li class=\"kadence-blocks-gallery-item\"><div class=\"kadence-blocks-gallery-item-inner\"><figure class=\"kb-gallery-figure kb-gallery-item-has-link kadence-blocks-gallery-item-hide-caption\"><a href=\"https:\/\/www.kadetten-burgdorf.ch\/dokumentenablage\/kadereblitz\/Kadere_Blitz_2018-01.pdf\" class=\"kb-gallery-item-link\" target=\"_blank\" rel=\"noopener noreferrer\"><div class=\"kb-gal-image-radius\" style=\"max-width:559px;\"><div class=\"kb-gallery-image-contain kadence-blocks-gallery-intrinsic\" style=\"padding-bottom:141%;\"><img loading=\"lazy\" decoding=\"async\" src=\"https:\/\/www.kadetten-burgdorf.ch\/website\/wp-content\/uploads\/2018-01.png\" width=\"559\" height=\"793\" alt=\"\" data-full-image=\"https:\/\/www.kadetten-burgdorf.ch\/website\/wp-content\/uploads\/2018-01.png\" data-light-image=\"https:\/\/www.kadetten-burgdorf.ch\/website\/wp-content\/uploads\/2018-01.png\" data-id=\"3500\" class=\"wp-image-3500\" srcset=\"https:\/\/www.kadetten-burgdorf.ch\/website\/wp-content\/uploads\/2018-01.png 559w, https:\/\/www.kadetten-burgdorf.ch\/website\/wp-content\/uploads\/2018-01-211x300.png 211w\" sizes=\"auto, (max-width: 559px) 100vw, 559px\" \/><\/div><\/div><\/a><\/figure><\/div><\/li><li class=\"kadence-blocks-gallery-item\"><div class=\"kadence-blocks-gallery-item-inner\"><figure class=\"kb-gallery-figure kb-gallery-item-has-link kadence-blocks-gallery-item-hide-caption\"><a href=\"https:\/\/www.kadetten-burgdorf.ch\/dokumentenablage\/kadereblitz\/Kadere_Blitz_2017-03.pdf\" class=\"kb-gallery-item-link\" target=\"_blank\" rel=\"noopener noreferrer\"><div class=\"kb-gal-image-radius\" style=\"max-width:558px;\"><div class=\"kb-gallery-image-contain kadence-blocks-gallery-intrinsic\" style=\"padding-bottom:142%;\"><img loading=\"lazy\" decoding=\"async\" src=\"https:\/\/www.kadetten-burgdorf.ch\/website\/wp-content\/uploads\/2017-03.png\" width=\"558\" height=\"794\" alt=\"\" data-full-image=\"https:\/\/www.kadetten-burgdorf.ch\/website\/wp-content\/uploads\/2017-03.png\" data-light-image=\"https:\/\/www.kadetten-burgdorf.ch\/website\/wp-content\/uploads\/2017-03.png\" data-id=\"3501\" class=\"wp-image-3501\" srcset=\"https:\/\/www.kadetten-burgdorf.ch\/website\/wp-content\/uploads\/2017-03.png 558w, https:\/\/www.kadetten-burgdorf.ch\/website\/wp-content\/uploads\/2017-03-211x300.png 211w\" sizes=\"auto, (max-width: 558px) 100vw, 558px\" \/><\/div><\/div><\/a><\/figure><\/div><\/li><li class=\"kadence-blocks-gallery-item\"><div class=\"kadence-blocks-gallery-item-inner\"><figure class=\"kb-gallery-figure kb-gallery-item-has-link kadence-blocks-gallery-item-hide-caption\"><a href=\"https:\/\/www.kadetten-burgdorf.ch\/dokumentenablage\/kadereblitz\/Kadere_Blitz_2017-02.pdf\" class=\"kb-gallery-item-link\" target=\"_blank\" rel=\"noopener noreferrer\"><div class=\"kb-gal-image-radius\" style=\"max-width:722px;\"><div class=\"kb-gallery-image-contain kadence-blocks-gallery-intrinsic\" style=\"padding-bottom:141%;\"><img loading=\"lazy\" decoding=\"async\" src=\"https:\/\/www.kadetten-burgdorf.ch\/website\/wp-content\/uploads\/2017-02-722x1024.jpg\" width=\"722\" height=\"1024\" alt=\"\" data-full-image=\"https:\/\/www.kadetten-burgdorf.ch\/website\/wp-content\/uploads\/2017-02.jpg\" data-light-image=\"https:\/\/www.kadetten-burgdorf.ch\/website\/wp-content\/uploads\/2017-02.jpg\" data-id=\"3478\" class=\"wp-image-3478\" srcset=\"https:\/\/www.kadetten-burgdorf.ch\/website\/wp-content\/uploads\/2017-02-722x1024.jpg 722w, https:\/\/www.kadetten-burgdorf.ch\/website\/wp-content\/uploads\/2017-02-211x300.jpg 211w, https:\/\/www.kadetten-burgdorf.ch\/website\/wp-content\/uploads\/2017-02-768x1089.jpg 768w, https:\/\/www.kadetten-burgdorf.ch\/website\/wp-content\/uploads\/2017-02.jpg 1749w\" sizes=\"auto, (max-width: 722px) 100vw, 722px\" \/><\/div><\/div><\/a><\/figure><\/div><\/li><li class=\"kadence-blocks-gallery-item\"><div class=\"kadence-blocks-gallery-item-inner\"><figure class=\"kb-gallery-figure kb-gallery-item-has-link kadence-blocks-gallery-item-hide-caption\"><a href=\"https:\/\/www.kadetten-burgdorf.ch\/dokumentenablage\/kadereblitz\/Kadere_Blitz_2017-01.pdf\" class=\"kb-gallery-item-link\" target=\"_blank\" rel=\"noopener noreferrer\"><div class=\"kb-gal-image-radius\" style=\"max-width:722px;\"><div class=\"kb-gallery-image-contain kadence-blocks-gallery-intrinsic\" style=\"padding-bottom:141%;\"><img loading=\"lazy\" decoding=\"async\" src=\"https:\/\/www.kadetten-burgdorf.ch\/website\/wp-content\/uploads\/2017-01-722x1024.jpg\" width=\"722\" height=\"1024\" alt=\"\" data-full-image=\"https:\/\/www.kadetten-burgdorf.ch\/website\/wp-content\/uploads\/2017-01.jpg\" data-light-image=\"https:\/\/www.kadetten-burgdorf.ch\/website\/wp-content\/uploads\/2017-01.jpg\" data-id=\"3477\" class=\"wp-image-3477\" srcset=\"https:\/\/www.kadetten-burgdorf.ch\/website\/wp-content\/uploads\/2017-01-722x1024.jpg 722w, https:\/\/www.kadetten-burgdorf.ch\/website\/wp-content\/uploads\/2017-01-211x300.jpg 211w, https:\/\/www.kadetten-burgdorf.ch\/website\/wp-content\/uploads\/2017-01-768x1089.jpg 768w, https:\/\/www.kadetten-burgdorf.ch\/website\/wp-content\/uploads\/2017-01.jpg 1749w\" sizes=\"auto, (max-width: 722px) 100vw, 722px\" \/><\/div><\/div><\/a><\/figure><\/div><\/li><li class=\"kadence-blocks-gallery-item\"><div class=\"kadence-blocks-gallery-item-inner\"><figure class=\"kb-gallery-figure kb-gallery-item-has-link kadence-blocks-gallery-item-hide-caption\"><a href=\"https:\/\/www.kadetten-burgdorf.ch\/dokumentenablage\/kadereblitz\/Kadere_Blitz_2016-03.pdf\" class=\"kb-gallery-item-link\" target=\"_blank\" rel=\"noopener noreferrer\"><div class=\"kb-gal-image-radius\" style=\"max-width:722px;\"><div class=\"kb-gallery-image-contain kadence-blocks-gallery-intrinsic\" style=\"padding-bottom:141%;\"><img loading=\"lazy\" decoding=\"async\" src=\"https:\/\/www.kadetten-burgdorf.ch\/website\/wp-content\/uploads\/2016-03-722x1024.jpg\" width=\"722\" height=\"1024\" alt=\"\" data-full-image=\"https:\/\/www.kadetten-burgdorf.ch\/website\/wp-content\/uploads\/2016-03.jpg\" data-light-image=\"https:\/\/www.kadetten-burgdorf.ch\/website\/wp-content\/uploads\/2016-03.jpg\" data-id=\"3476\" class=\"wp-image-3476\" srcset=\"https:\/\/www.kadetten-burgdorf.ch\/website\/wp-content\/uploads\/2016-03-722x1024.jpg 722w, https:\/\/www.kadetten-burgdorf.ch\/website\/wp-content\/uploads\/2016-03-211x300.jpg 211w, https:\/\/www.kadetten-burgdorf.ch\/website\/wp-content\/uploads\/2016-03-768x1089.jpg 768w, https:\/\/www.kadetten-burgdorf.ch\/website\/wp-content\/uploads\/2016-03.jpg 1749w\" sizes=\"auto, (max-width: 722px) 100vw, 722px\" \/><\/div><\/div><\/a><\/figure><\/div><\/li><li class=\"kadence-blocks-gallery-item\"><div class=\"kadence-blocks-gallery-item-inner\"><figure class=\"kb-gallery-figure kb-gallery-item-has-link kadence-blocks-gallery-item-hide-caption\"><a href=\"https:\/\/www.kadetten-burgdorf.ch\/dokumentenablage\/kadereblitz\/Kadere_Blitz_2016-02.pdf\" class=\"kb-gallery-item-link\" target=\"_blank\" rel=\"noopener noreferrer\"><div class=\"kb-gal-image-radius\" style=\"max-width:722px;\"><div class=\"kb-gallery-image-contain kadence-blocks-gallery-intrinsic\" style=\"padding-bottom:141%;\"><img loading=\"lazy\" decoding=\"async\" src=\"https:\/\/www.kadetten-burgdorf.ch\/website\/wp-content\/uploads\/2016-02-722x1024.jpg\" width=\"722\" height=\"1024\" alt=\"\" data-full-image=\"https:\/\/www.kadetten-burgdorf.ch\/website\/wp-content\/uploads\/2016-02.jpg\" data-light-image=\"https:\/\/www.kadetten-burgdorf.ch\/website\/wp-content\/uploads\/2016-02.jpg\" data-id=\"3475\" class=\"wp-image-3475\" srcset=\"https:\/\/www.kadetten-burgdorf.ch\/website\/wp-content\/uploads\/2016-02-722x1024.jpg 722w, https:\/\/www.kadetten-burgdorf.ch\/website\/wp-content\/uploads\/2016-02-211x300.jpg 211w, https:\/\/www.kadetten-burgdorf.ch\/website\/wp-content\/uploads\/2016-02-768x1089.jpg 768w, https:\/\/www.kadetten-burgdorf.ch\/website\/wp-content\/uploads\/2016-02.jpg 1749w\" sizes=\"auto, (max-width: 722px) 100vw, 722px\" \/><\/div><\/div><\/a><\/figure><\/div><\/li><li class=\"kadence-blocks-gallery-item\"><div class=\"kadence-blocks-gallery-item-inner\"><figure class=\"kb-gallery-figure kb-gallery-item-has-link kadence-blocks-gallery-item-hide-caption\"><a href=\"https:\/\/www.kadetten-burgdorf.ch\/dokumentenablage\/kadereblitz\/Kadere_Blitz_2016-01.pdf\" class=\"kb-gallery-item-link\" target=\"_blank\" rel=\"noopener noreferrer\"><div class=\"kb-gal-image-radius\" style=\"max-width:722px;\"><div class=\"kb-gallery-image-contain kadence-blocks-gallery-intrinsic\" style=\"padding-bottom:141%;\"><img loading=\"lazy\" decoding=\"async\" src=\"https:\/\/www.kadetten-burgdorf.ch\/website\/wp-content\/uploads\/2016-01-722x1024.jpg\" width=\"722\" height=\"1024\" alt=\"\" data-full-image=\"https:\/\/www.kadetten-burgdorf.ch\/website\/wp-content\/uploads\/2016-01.jpg\" data-light-image=\"https:\/\/www.kadetten-burgdorf.ch\/website\/wp-content\/uploads\/2016-01.jpg\" data-id=\"3474\" class=\"wp-image-3474\" srcset=\"https:\/\/www.kadetten-burgdorf.ch\/website\/wp-content\/uploads\/2016-01-722x1024.jpg 722w, https:\/\/www.kadetten-burgdorf.ch\/website\/wp-content\/uploads\/2016-01-211x300.jpg 211w, https:\/\/www.kadetten-burgdorf.ch\/website\/wp-content\/uploads\/2016-01-768x1089.jpg 768w, https:\/\/www.kadetten-burgdorf.ch\/website\/wp-content\/uploads\/2016-01.jpg 1749w\" sizes=\"auto, (max-width: 722px) 100vw, 722px\" \/><\/div><\/div><\/a><\/figure><\/div><\/li><li class=\"kadence-blocks-gallery-item\"><div class=\"kadence-blocks-gallery-item-inner\"><figure class=\"kb-gallery-figure kb-gallery-item-has-link kadence-blocks-gallery-item-hide-caption\"><a href=\"https:\/\/www.kadetten-burgdorf.ch\/dokumentenablage\/kadereblitz\/Kadere_Blitz_2015-03.pdf\" class=\"kb-gallery-item-link\" target=\"_blank\" rel=\"noopener noreferrer\"><div class=\"kb-gal-image-radius\" style=\"max-width:722px;\"><div class=\"kb-gallery-image-contain kadence-blocks-gallery-intrinsic\" style=\"padding-bottom:141%;\"><img loading=\"lazy\" decoding=\"async\" src=\"https:\/\/www.kadetten-burgdorf.ch\/website\/wp-content\/uploads\/2015-03-722x1024.jpg\" width=\"722\" height=\"1024\" alt=\"\" data-full-image=\"https:\/\/www.kadetten-burgdorf.ch\/website\/wp-content\/uploads\/2015-03.jpg\" data-light-image=\"https:\/\/www.kadetten-burgdorf.ch\/website\/wp-content\/uploads\/2015-03.jpg\" data-id=\"3473\" class=\"wp-image-3473\" srcset=\"https:\/\/www.kadetten-burgdorf.ch\/website\/wp-content\/uploads\/2015-03-722x1024.jpg 722w, https:\/\/www.kadetten-burgdorf.ch\/website\/wp-content\/uploads\/2015-03-211x300.jpg 211w, https:\/\/www.kadetten-burgdorf.ch\/website\/wp-content\/uploads\/2015-03-768x1089.jpg 768w, https:\/\/www.kadetten-burgdorf.ch\/website\/wp-content\/uploads\/2015-03.jpg 1749w\" sizes=\"auto, (max-width: 722px) 100vw, 722px\" \/><\/div><\/div><\/a><\/figure><\/div><\/li><li class=\"kadence-blocks-gallery-item\"><div class=\"kadence-blocks-gallery-item-inner\"><figure class=\"kb-gallery-figure kb-gallery-item-has-link kadence-blocks-gallery-item-hide-caption\"><a href=\"https:\/\/www.kadetten-burgdorf.ch\/dokumentenablage\/kadereblitz\/Kadere_Blitz_2015-02.pdf\" class=\"kb-gallery-item-link\" target=\"_blank\" rel=\"noopener noreferrer\"><div class=\"kb-gal-image-radius\" style=\"max-width:722px;\"><div class=\"kb-gallery-image-contain kadence-blocks-gallery-intrinsic\" style=\"padding-bottom:141%;\"><img loading=\"lazy\" decoding=\"async\" src=\"https:\/\/www.kadetten-burgdorf.ch\/website\/wp-content\/uploads\/2015-02-722x1024.jpg\" width=\"722\" height=\"1024\" alt=\"\" data-full-image=\"https:\/\/www.kadetten-burgdorf.ch\/website\/wp-content\/uploads\/2015-02.jpg\" data-light-image=\"https:\/\/www.kadetten-burgdorf.ch\/website\/wp-content\/uploads\/2015-02.jpg\" data-id=\"3472\" class=\"wp-image-3472\" srcset=\"https:\/\/www.kadetten-burgdorf.ch\/website\/wp-content\/uploads\/2015-02-722x1024.jpg 722w, https:\/\/www.kadetten-burgdorf.ch\/website\/wp-content\/uploads\/2015-02-211x300.jpg 211w, https:\/\/www.kadetten-burgdorf.ch\/website\/wp-content\/uploads\/2015-02-768x1089.jpg 768w, https:\/\/www.kadetten-burgdorf.ch\/website\/wp-content\/uploads\/2015-02.jpg 1749w\" sizes=\"auto, (max-width: 722px) 100vw, 722px\" \/><\/div><\/div><\/a><\/figure><\/div><\/li><li class=\"kadence-blocks-gallery-item\"><div class=\"kadence-blocks-gallery-item-inner\"><figure class=\"kb-gallery-figure kb-gallery-item-has-link kadence-blocks-gallery-item-hide-caption\"><a href=\"https:\/\/www.kadetten-burgdorf.ch\/dokumentenablage\/kadereblitz\/Kadere_Blitz_2015-01.pdf\" class=\"kb-gallery-item-link\" target=\"_blank\" rel=\"noopener noreferrer\"><div class=\"kb-gal-image-radius\" style=\"max-width:636px;\"><div class=\"kb-gallery-image-contain kadence-blocks-gallery-intrinsic\" style=\"padding-bottom:141%;\"><img loading=\"lazy\" decoding=\"async\" src=\"https:\/\/www.kadetten-burgdorf.ch\/website\/wp-content\/uploads\/2015-01.png\" width=\"636\" height=\"903\" alt=\"\" data-full-image=\"https:\/\/www.kadetten-burgdorf.ch\/website\/wp-content\/uploads\/2015-01.png\" data-light-image=\"https:\/\/www.kadetten-burgdorf.ch\/website\/wp-content\/uploads\/2015-01.png\" data-id=\"3471\" class=\"wp-image-3471\" srcset=\"https:\/\/www.kadetten-burgdorf.ch\/website\/wp-content\/uploads\/2015-01.png 636w, https:\/\/www.kadetten-burgdorf.ch\/website\/wp-content\/uploads\/2015-01-211x300.png 211w\" sizes=\"auto, (max-width: 636px) 100vw, 636px\" \/><\/div><\/div><\/a><\/figure><\/div><\/li><li class=\"kadence-blocks-gallery-item\"><div class=\"kadence-blocks-gallery-item-inner\"><figure class=\"kb-gallery-figure kb-gallery-item-has-link kadence-blocks-gallery-item-hide-caption\"><a href=\"https:\/\/www.kadetten-burgdorf.ch\/dokumentenablage\/kadereblitz\/Kadere_Blitz_2014-02.pdf\" class=\"kb-gallery-item-link\" target=\"_blank\" rel=\"noopener noreferrer\"><div class=\"kb-gal-image-radius\" style=\"max-width:635px;\"><div class=\"kb-gallery-image-contain kadence-blocks-gallery-intrinsic\" style=\"padding-bottom:141%;\"><img loading=\"lazy\" decoding=\"async\" src=\"https:\/\/www.kadetten-burgdorf.ch\/website\/wp-content\/uploads\/2014-02.png\" width=\"635\" height=\"901\" alt=\"\" data-full-image=\"https:\/\/www.kadetten-burgdorf.ch\/website\/wp-content\/uploads\/2014-02.png\" data-light-image=\"https:\/\/www.kadetten-burgdorf.ch\/website\/wp-content\/uploads\/2014-02.png\" data-id=\"3470\" class=\"wp-image-3470\" srcset=\"https:\/\/www.kadetten-burgdorf.ch\/website\/wp-content\/uploads\/2014-02.png 635w, https:\/\/www.kadetten-burgdorf.ch\/website\/wp-content\/uploads\/2014-02-211x300.png 211w\" sizes=\"auto, (max-width: 635px) 100vw, 635px\" \/><\/div><\/div><\/a><\/figure><\/div><\/li><li class=\"kadence-blocks-gallery-item\"><div class=\"kadence-blocks-gallery-item-inner\"><figure class=\"kb-gallery-figure kb-gallery-item-has-link kadence-blocks-gallery-item-hide-caption\"><a href=\"https:\/\/www.kadetten-burgdorf.ch\/dokumentenablage\/kadereblitz\/Kadere_Blitz_2014-01.pdf\" class=\"kb-gallery-item-link\" target=\"_blank\" rel=\"noopener noreferrer\"><div class=\"kb-gal-image-radius\" style=\"max-width:635px;\"><div class=\"kb-gallery-image-contain kadence-blocks-gallery-intrinsic\" style=\"padding-bottom:141%;\"><img loading=\"lazy\" decoding=\"async\" src=\"https:\/\/www.kadetten-burgdorf.ch\/website\/wp-content\/uploads\/2014-01.png\" width=\"635\" height=\"900\" alt=\"\" data-full-image=\"https:\/\/www.kadetten-burgdorf.ch\/website\/wp-content\/uploads\/2014-01.png\" data-light-image=\"https:\/\/www.kadetten-burgdorf.ch\/website\/wp-content\/uploads\/2014-01.png\" data-id=\"3469\" class=\"wp-image-3469\" srcset=\"https:\/\/www.kadetten-burgdorf.ch\/website\/wp-content\/uploads\/2014-01.png 635w, https:\/\/www.kadetten-burgdorf.ch\/website\/wp-content\/uploads\/2014-01-212x300.png 212w\" sizes=\"auto, (max-width: 635px) 100vw, 635px\" \/><\/div><\/div><\/a><\/figure><\/div><\/li><li class=\"kadence-blocks-gallery-item\"><div class=\"kadence-blocks-gallery-item-inner\"><figure class=\"kb-gallery-figure kb-gallery-item-has-link kadence-blocks-gallery-item-hide-caption\"><a href=\"https:\/\/www.kadetten-burgdorf.ch\/dokumentenablage\/kadereblitz\/Kadere_Blitz_2013-03.pdf\" class=\"kb-gallery-item-link\" target=\"_blank\" rel=\"noopener noreferrer\"><div class=\"kb-gal-image-radius\" style=\"max-width:635px;\"><div class=\"kb-gallery-image-contain kadence-blocks-gallery-intrinsic\" style=\"padding-bottom:141%;\"><img loading=\"lazy\" decoding=\"async\" src=\"https:\/\/www.kadetten-burgdorf.ch\/website\/wp-content\/uploads\/2013-03.png\" width=\"635\" height=\"901\" alt=\"\" data-full-image=\"https:\/\/www.kadetten-burgdorf.ch\/website\/wp-content\/uploads\/2013-03.png\" data-light-image=\"https:\/\/www.kadetten-burgdorf.ch\/website\/wp-content\/uploads\/2013-03.png\" data-id=\"3468\" class=\"wp-image-3468\" srcset=\"https:\/\/www.kadetten-burgdorf.ch\/website\/wp-content\/uploads\/2013-03.png 635w, https:\/\/www.kadetten-burgdorf.ch\/website\/wp-content\/uploads\/2013-03-211x300.png 211w\" sizes=\"auto, (max-width: 635px) 100vw, 635px\" \/><\/div><\/div><\/a><\/figure><\/div><\/li><li class=\"kadence-blocks-gallery-item\"><div class=\"kadence-blocks-gallery-item-inner\"><figure class=\"kb-gallery-figure kb-gallery-item-has-link kadence-blocks-gallery-item-hide-caption\"><a href=\"https:\/\/www.kadetten-burgdorf.ch\/dokumentenablage\/kadereblitz\/Kadere_Blitz_2013-02.pdf\" class=\"kb-gallery-item-link\" target=\"_blank\" rel=\"noopener noreferrer\"><div class=\"kb-gal-image-radius\" style=\"max-width:632px;\"><div class=\"kb-gallery-image-contain kadence-blocks-gallery-intrinsic\" style=\"padding-bottom:142%;\"><img loading=\"lazy\" decoding=\"async\" src=\"https:\/\/www.kadetten-burgdorf.ch\/website\/wp-content\/uploads\/2013-02.png\" width=\"632\" height=\"902\" alt=\"\" data-full-image=\"https:\/\/www.kadetten-burgdorf.ch\/website\/wp-content\/uploads\/2013-02.png\" data-light-image=\"https:\/\/www.kadetten-burgdorf.ch\/website\/wp-content\/uploads\/2013-02.png\" data-id=\"3467\" class=\"wp-image-3467\" srcset=\"https:\/\/www.kadetten-burgdorf.ch\/website\/wp-content\/uploads\/2013-02.png 632w, https:\/\/www.kadetten-burgdorf.ch\/website\/wp-content\/uploads\/2013-02-210x300.png 210w\" sizes=\"auto, (max-width: 632px) 100vw, 632px\" \/><\/div><\/div><\/a><\/figure><\/div><\/li><li class=\"kadence-blocks-gallery-item\"><div class=\"kadence-blocks-gallery-item-inner\"><figure class=\"kb-gallery-figure kb-gallery-item-has-link kadence-blocks-gallery-item-hide-caption\"><a href=\"https:\/\/www.kadetten-burgdorf.ch\/dokumentenablage\/kadereblitz\/Kadere_Blitz_2013-01.pdf\" class=\"kb-gallery-item-link\" target=\"_blank\" rel=\"noopener noreferrer\"><div class=\"kb-gal-image-radius\" style=\"max-width:722px;\"><div class=\"kb-gallery-image-contain kadence-blocks-gallery-intrinsic\" style=\"padding-bottom:141%;\"><img loading=\"lazy\" decoding=\"async\" src=\"https:\/\/www.kadetten-burgdorf.ch\/website\/wp-content\/uploads\/2013-01-722x1024.jpg\" width=\"722\" height=\"1024\" alt=\"\" data-full-image=\"https:\/\/www.kadetten-burgdorf.ch\/website\/wp-content\/uploads\/2013-01.jpg\" data-light-image=\"https:\/\/www.kadetten-burgdorf.ch\/website\/wp-content\/uploads\/2013-01.jpg\" data-id=\"3483\" class=\"wp-image-3483\" srcset=\"https:\/\/www.kadetten-burgdorf.ch\/website\/wp-content\/uploads\/2013-01-722x1024.jpg 722w, https:\/\/www.kadetten-burgdorf.ch\/website\/wp-content\/uploads\/2013-01-211x300.jpg 211w, https:\/\/www.kadetten-burgdorf.ch\/website\/wp-content\/uploads\/2013-01-768x1089.jpg 768w, https:\/\/www.kadetten-burgdorf.ch\/website\/wp-content\/uploads\/2013-01.jpg 1749w\" sizes=\"auto, (max-width: 722px) 100vw, 722px\" \/><\/div><\/div><\/a><\/figure><\/div><\/li><li class=\"kadence-blocks-gallery-item\"><div class=\"kadence-blocks-gallery-item-inner\"><figure class=\"kb-gallery-figure kb-gallery-item-has-link kadence-blocks-gallery-item-hide-caption\"><a href=\"https:\/\/www.kadetten-burgdorf.ch\/dokumentenablage\/kadereblitz\/Kadere_Blitz_2012-04.pdf\" class=\"kb-gallery-item-link\" target=\"_blank\" rel=\"noopener noreferrer\"><div class=\"kb-gal-image-radius\" style=\"max-width:722px;\"><div class=\"kb-gallery-image-contain kadence-blocks-gallery-intrinsic\" style=\"padding-bottom:141%;\"><img loading=\"lazy\" decoding=\"async\" src=\"https:\/\/www.kadetten-burgdorf.ch\/website\/wp-content\/uploads\/2012-04-722x1024.jpg\" width=\"722\" height=\"1024\" alt=\"\" data-full-image=\"https:\/\/www.kadetten-burgdorf.ch\/website\/wp-content\/uploads\/2012-04.jpg\" data-light-image=\"https:\/\/www.kadetten-burgdorf.ch\/website\/wp-content\/uploads\/2012-04.jpg\" data-id=\"3482\" class=\"wp-image-3482\" srcset=\"https:\/\/www.kadetten-burgdorf.ch\/website\/wp-content\/uploads\/2012-04-722x1024.jpg 722w, https:\/\/www.kadetten-burgdorf.ch\/website\/wp-content\/uploads\/2012-04-212x300.jpg 212w, https:\/\/www.kadetten-burgdorf.ch\/website\/wp-content\/uploads\/2012-04-768x1089.jpg 768w, https:\/\/www.kadetten-burgdorf.ch\/website\/wp-content\/uploads\/2012-04.jpg 1750w\" sizes=\"auto, (max-width: 722px) 100vw, 722px\" \/><\/div><\/div><\/a><\/figure><\/div><\/li><li class=\"kadence-blocks-gallery-item\"><div class=\"kadence-blocks-gallery-item-inner\"><figure class=\"kb-gallery-figure kb-gallery-item-has-link kadence-blocks-gallery-item-hide-caption\"><a href=\"https:\/\/www.kadetten-burgdorf.ch\/dokumentenablage\/kadereblitz\/Kadere_Blitz_2012-03.pdf\" class=\"kb-gallery-item-link\" target=\"_blank\" rel=\"noopener noreferrer\"><div class=\"kb-gal-image-radius\" style=\"max-width:722px;\"><div class=\"kb-gallery-image-contain kadence-blocks-gallery-intrinsic\" style=\"padding-bottom:141%;\"><img loading=\"lazy\" decoding=\"async\" src=\"https:\/\/www.kadetten-burgdorf.ch\/website\/wp-content\/uploads\/2012-03-722x1024.jpg\" width=\"722\" height=\"1024\" alt=\"\" data-full-image=\"https:\/\/www.kadetten-burgdorf.ch\/website\/wp-content\/uploads\/2012-03.jpg\" data-light-image=\"https:\/\/www.kadetten-burgdorf.ch\/website\/wp-content\/uploads\/2012-03.jpg\" data-id=\"3481\" class=\"wp-image-3481\" srcset=\"https:\/\/www.kadetten-burgdorf.ch\/website\/wp-content\/uploads\/2012-03-722x1024.jpg 722w, https:\/\/www.kadetten-burgdorf.ch\/website\/wp-content\/uploads\/2012-03-211x300.jpg 211w, https:\/\/www.kadetten-burgdorf.ch\/website\/wp-content\/uploads\/2012-03-768x1089.jpg 768w, https:\/\/www.kadetten-burgdorf.ch\/website\/wp-content\/uploads\/2012-03.jpg 1749w\" sizes=\"auto, (max-width: 722px) 100vw, 722px\" \/><\/div><\/div><\/a><\/figure><\/div><\/li><li class=\"kadence-blocks-gallery-item\"><div class=\"kadence-blocks-gallery-item-inner\"><figure class=\"kb-gallery-figure kb-gallery-item-has-link kadence-blocks-gallery-item-hide-caption\"><a href=\"https:\/\/www.kadetten-burgdorf.ch\/dokumentenablage\/kadereblitz\/Kadere_Blitz_2012-02.pdf\" class=\"kb-gallery-item-link\" target=\"_blank\" rel=\"noopener noreferrer\"><div class=\"kb-gal-image-radius\" style=\"max-width:722px;\"><div class=\"kb-gallery-image-contain kadence-blocks-gallery-intrinsic\" style=\"padding-bottom:141%;\"><img loading=\"lazy\" decoding=\"async\" src=\"https:\/\/www.kadetten-burgdorf.ch\/website\/wp-content\/uploads\/2012-02-722x1024.jpg\" width=\"722\" height=\"1024\" alt=\"\" data-full-image=\"https:\/\/www.kadetten-burgdorf.ch\/website\/wp-content\/uploads\/2012-02.jpg\" data-light-image=\"https:\/\/www.kadetten-burgdorf.ch\/website\/wp-content\/uploads\/2012-02.jpg\" data-id=\"3480\" class=\"wp-image-3480\" srcset=\"https:\/\/www.kadetten-burgdorf.ch\/website\/wp-content\/uploads\/2012-02-722x1024.jpg 722w, https:\/\/www.kadetten-burgdorf.ch\/website\/wp-content\/uploads\/2012-02-211x300.jpg 211w, https:\/\/www.kadetten-burgdorf.ch\/website\/wp-content\/uploads\/2012-02-768x1089.jpg 768w, https:\/\/www.kadetten-burgdorf.ch\/website\/wp-content\/uploads\/2012-02.jpg 1749w\" sizes=\"auto, (max-width: 722px) 100vw, 722px\" \/><\/div><\/div><\/a><\/figure><\/div><\/li><li class=\"kadence-blocks-gallery-item\"><div class=\"kadence-blocks-gallery-item-inner\"><figure class=\"kb-gallery-figure kb-gallery-item-has-link kadence-blocks-gallery-item-hide-caption\"><a href=\"https:\/\/www.kadetten-burgdorf.ch\/dokumentenablage\/kadereblitz\/Kadere_Blitz_2012-01.pdf\" class=\"kb-gallery-item-link\" target=\"_blank\" rel=\"noopener noreferrer\"><div class=\"kb-gal-image-radius\" style=\"max-width:722px;\"><div class=\"kb-gallery-image-contain kadence-blocks-gallery-intrinsic\" style=\"padding-bottom:141%;\"><img loading=\"lazy\" decoding=\"async\" src=\"https:\/\/www.kadetten-burgdorf.ch\/website\/wp-content\/uploads\/2012-01-722x1024.jpg\" width=\"722\" height=\"1024\" alt=\"\" data-full-image=\"https:\/\/www.kadetten-burgdorf.ch\/website\/wp-content\/uploads\/2012-01.jpg\" data-light-image=\"https:\/\/www.kadetten-burgdorf.ch\/website\/wp-content\/uploads\/2012-01.jpg\" data-id=\"3499\" class=\"wp-image-3499\" srcset=\"https:\/\/www.kadetten-burgdorf.ch\/website\/wp-content\/uploads\/2012-01-722x1024.jpg 722w, https:\/\/www.kadetten-burgdorf.ch\/website\/wp-content\/uploads\/2012-01-211x300.jpg 211w, https:\/\/www.kadetten-burgdorf.ch\/website\/wp-content\/uploads\/2012-01-768x1089.jpg 768w, https:\/\/www.kadetten-burgdorf.ch\/website\/wp-content\/uploads\/2012-01.jpg 1749w\" sizes=\"auto, (max-width: 722px) 100vw, 722px\" \/><\/div><\/div><\/a><\/figure><\/div><\/li><li class=\"kadence-blocks-gallery-item\"><div class=\"kadence-blocks-gallery-item-inner\"><figure class=\"kb-gallery-figure kb-gallery-item-has-link kadence-blocks-gallery-item-hide-caption\"><a href=\"https:\/\/www.kadetten-burgdorf.ch\/dokumentenablage\/kadereblitz\/Kadere_Blitz_2011-03.pdf\" class=\"kb-gallery-item-link\" target=\"_blank\" rel=\"noopener noreferrer\"><div class=\"kb-gal-image-radius\" style=\"max-width:722px;\"><div class=\"kb-gallery-image-contain kadence-blocks-gallery-intrinsic\" style=\"padding-bottom:141%;\"><img loading=\"lazy\" decoding=\"async\" src=\"https:\/\/www.kadetten-burgdorf.ch\/website\/wp-content\/uploads\/2011-03-722x1024.jpg\" width=\"722\" height=\"1024\" alt=\"\" data-full-image=\"https:\/\/www.kadetten-burgdorf.ch\/website\/wp-content\/uploads\/2011-03.jpg\" data-light-image=\"https:\/\/www.kadetten-burgdorf.ch\/website\/wp-content\/uploads\/2011-03.jpg\" data-id=\"3498\" class=\"wp-image-3498\" srcset=\"https:\/\/www.kadetten-burgdorf.ch\/website\/wp-content\/uploads\/2011-03-722x1024.jpg 722w, https:\/\/www.kadetten-burgdorf.ch\/website\/wp-content\/uploads\/2011-03-211x300.jpg 211w, https:\/\/www.kadetten-burgdorf.ch\/website\/wp-content\/uploads\/2011-03-768x1089.jpg 768w, https:\/\/www.kadetten-burgdorf.ch\/website\/wp-content\/uploads\/2011-03.jpg 1749w\" sizes=\"auto, (max-width: 722px) 100vw, 722px\" \/><\/div><\/div><\/a><\/figure><\/div><\/li><li class=\"kadence-blocks-gallery-item\"><div class=\"kadence-blocks-gallery-item-inner\"><figure class=\"kb-gallery-figure kb-gallery-item-has-link kadence-blocks-gallery-item-hide-caption\"><a href=\"https:\/\/www.kadetten-burgdorf.ch\/dokumentenablage\/kadereblitz\/Kadere_Blitz_2011-02.pdf\" class=\"kb-gallery-item-link\" target=\"_blank\" rel=\"noopener noreferrer\"><div class=\"kb-gal-image-radius\" style=\"max-width:722px;\"><div class=\"kb-gallery-image-contain kadence-blocks-gallery-intrinsic\" style=\"padding-bottom:141%;\"><img loading=\"lazy\" decoding=\"async\" src=\"https:\/\/www.kadetten-burgdorf.ch\/website\/wp-content\/uploads\/2011-02-722x1024.jpg\" width=\"722\" height=\"1024\" alt=\"\" data-full-image=\"https:\/\/www.kadetten-burgdorf.ch\/website\/wp-content\/uploads\/2011-02.jpg\" data-light-image=\"https:\/\/www.kadetten-burgdorf.ch\/website\/wp-content\/uploads\/2011-02.jpg\" data-id=\"3497\" class=\"wp-image-3497\" srcset=\"https:\/\/www.kadetten-burgdorf.ch\/website\/wp-content\/uploads\/2011-02-722x1024.jpg 722w, https:\/\/www.kadetten-burgdorf.ch\/website\/wp-content\/uploads\/2011-02-211x300.jpg 211w, https:\/\/www.kadetten-burgdorf.ch\/website\/wp-content\/uploads\/2011-02-768x1089.jpg 768w, https:\/\/www.kadetten-burgdorf.ch\/website\/wp-content\/uploads\/2011-02.jpg 1749w\" sizes=\"auto, (max-width: 722px) 100vw, 722px\" \/><\/div><\/div><\/a><\/figure><\/div><\/li><li class=\"kadence-blocks-gallery-item\"><div class=\"kadence-blocks-gallery-item-inner\"><figure class=\"kb-gallery-figure kb-gallery-item-has-link kadence-blocks-gallery-item-hide-caption\"><a href=\"https:\/\/www.kadetten-burgdorf.ch\/dokumentenablage\/kadereblitz\/Kadere_Blitz_2011-01.pdf\" class=\"kb-gallery-item-link\" target=\"_blank\" rel=\"noopener noreferrer\"><div class=\"kb-gal-image-radius\" style=\"max-width:722px;\"><div class=\"kb-gallery-image-contain kadence-blocks-gallery-intrinsic\" style=\"padding-bottom:141%;\"><img loading=\"lazy\" decoding=\"async\" src=\"https:\/\/www.kadetten-burgdorf.ch\/website\/wp-content\/uploads\/2011-01-722x1024.jpg\" width=\"722\" height=\"1024\" alt=\"\" data-full-image=\"https:\/\/www.kadetten-burgdorf.ch\/website\/wp-content\/uploads\/2011-01.jpg\" data-light-image=\"https:\/\/www.kadetten-burgdorf.ch\/website\/wp-content\/uploads\/2011-01.jpg\" data-id=\"3496\" class=\"wp-image-3496\" srcset=\"https:\/\/www.kadetten-burgdorf.ch\/website\/wp-content\/uploads\/2011-01-722x1024.jpg 722w, https:\/\/www.kadetten-burgdorf.ch\/website\/wp-content\/uploads\/2011-01-211x300.jpg 211w, https:\/\/www.kadetten-burgdorf.ch\/website\/wp-content\/uploads\/2011-01-768x1089.jpg 768w, https:\/\/www.kadetten-burgdorf.ch\/website\/wp-content\/uploads\/2011-01.jpg 1749w\" sizes=\"auto, (max-width: 722px) 100vw, 722px\" \/><\/div><\/div><\/a><\/figure><\/div><\/li><li class=\"kadence-blocks-gallery-item\"><div class=\"kadence-blocks-gallery-item-inner\"><figure class=\"kb-gallery-figure kb-gallery-item-has-link kadence-blocks-gallery-item-hide-caption\"><a href=\"https:\/\/www.kadetten-burgdorf.ch\/dokumentenablage\/kadereblitz\/Kadere_Blitz_2010-04.pdf\" class=\"kb-gallery-item-link\" target=\"_blank\" rel=\"noopener noreferrer\"><div class=\"kb-gal-image-radius\" style=\"max-width:722px;\"><div class=\"kb-gallery-image-contain kadence-blocks-gallery-intrinsic\" style=\"padding-bottom:141%;\"><img loading=\"lazy\" decoding=\"async\" src=\"https:\/\/www.kadetten-burgdorf.ch\/website\/wp-content\/uploads\/2010-04-722x1024.jpg\" width=\"722\" height=\"1024\" alt=\"\" data-full-image=\"https:\/\/www.kadetten-burgdorf.ch\/website\/wp-content\/uploads\/2010-04.jpg\" data-light-image=\"https:\/\/www.kadetten-burgdorf.ch\/website\/wp-content\/uploads\/2010-04.jpg\" data-id=\"3495\" class=\"wp-image-3495\" srcset=\"https:\/\/www.kadetten-burgdorf.ch\/website\/wp-content\/uploads\/2010-04-722x1024.jpg 722w, https:\/\/www.kadetten-burgdorf.ch\/website\/wp-content\/uploads\/2010-04-211x300.jpg 211w, https:\/\/www.kadetten-burgdorf.ch\/website\/wp-content\/uploads\/2010-04-768x1089.jpg 768w, https:\/\/www.kadetten-burgdorf.ch\/website\/wp-content\/uploads\/2010-04.jpg 1749w\" sizes=\"auto, (max-width: 722px) 100vw, 722px\" \/><\/div><\/div><\/a><\/figure><\/div><\/li><li class=\"kadence-blocks-gallery-item\"><div class=\"kadence-blocks-gallery-item-inner\"><figure class=\"kb-gallery-figure kb-gallery-item-has-link kadence-blocks-gallery-item-hide-caption\"><a href=\"https:\/\/www.kadetten-burgdorf.ch\/dokumentenablage\/kadereblitz\/Kadere_Blitz_2010-03.pdf\" class=\"kb-gallery-item-link\" target=\"_blank\" rel=\"noopener noreferrer\"><div class=\"kb-gal-image-radius\" style=\"max-width:722px;\"><div class=\"kb-gallery-image-contain kadence-blocks-gallery-intrinsic\" style=\"padding-bottom:141%;\"><img loading=\"lazy\" decoding=\"async\" src=\"https:\/\/www.kadetten-burgdorf.ch\/website\/wp-content\/uploads\/2010-03-722x1024.jpg\" width=\"722\" height=\"1024\" alt=\"\" data-full-image=\"https:\/\/www.kadetten-burgdorf.ch\/website\/wp-content\/uploads\/2010-03.jpg\" data-light-image=\"https:\/\/www.kadetten-burgdorf.ch\/website\/wp-content\/uploads\/2010-03.jpg\" data-id=\"3494\" class=\"wp-image-3494\" srcset=\"https:\/\/www.kadetten-burgdorf.ch\/website\/wp-content\/uploads\/2010-03-722x1024.jpg 722w, https:\/\/www.kadetten-burgdorf.ch\/website\/wp-content\/uploads\/2010-03-211x300.jpg 211w, https:\/\/www.kadetten-burgdorf.ch\/website\/wp-content\/uploads\/2010-03-768x1089.jpg 768w, https:\/\/www.kadetten-burgdorf.ch\/website\/wp-content\/uploads\/2010-03.jpg 1749w\" sizes=\"auto, (max-width: 722px) 100vw, 722px\" \/><\/div><\/div><\/a><\/figure><\/div><\/li><li class=\"kadence-blocks-gallery-item\"><div class=\"kadence-blocks-gallery-item-inner\"><figure class=\"kb-gallery-figure kb-gallery-item-has-link kadence-blocks-gallery-item-hide-caption\"><a href=\"https:\/\/www.kadetten-burgdorf.ch\/dokumentenablage\/kadereblitz\/Kadere_Blitz_2010-02.pdf\" class=\"kb-gallery-item-link\" target=\"_blank\" rel=\"noopener noreferrer\"><div class=\"kb-gal-image-radius\" style=\"max-width:722px;\"><div class=\"kb-gallery-image-contain kadence-blocks-gallery-intrinsic\" style=\"padding-bottom:141%;\"><img loading=\"lazy\" decoding=\"async\" src=\"https:\/\/www.kadetten-burgdorf.ch\/website\/wp-content\/uploads\/2010-02-722x1024.jpg\" width=\"722\" height=\"1024\" alt=\"\" data-full-image=\"https:\/\/www.kadetten-burgdorf.ch\/website\/wp-content\/uploads\/2010-02.jpg\" data-light-image=\"https:\/\/www.kadetten-burgdorf.ch\/website\/wp-content\/uploads\/2010-02.jpg\" data-id=\"3493\" class=\"wp-image-3493\" srcset=\"https:\/\/www.kadetten-burgdorf.ch\/website\/wp-content\/uploads\/2010-02-722x1024.jpg 722w, https:\/\/www.kadetten-burgdorf.ch\/website\/wp-content\/uploads\/2010-02-211x300.jpg 211w, https:\/\/www.kadetten-burgdorf.ch\/website\/wp-content\/uploads\/2010-02-768x1089.jpg 768w, https:\/\/www.kadetten-burgdorf.ch\/website\/wp-content\/uploads\/2010-02.jpg 1749w\" sizes=\"auto, (max-width: 722px) 100vw, 722px\" \/><\/div><\/div><\/a><\/figure><\/div><\/li><li class=\"kadence-blocks-gallery-item\"><div class=\"kadence-blocks-gallery-item-inner\"><figure class=\"kb-gallery-figure kb-gallery-item-has-link kadence-blocks-gallery-item-hide-caption\"><a href=\"https:\/\/www.kadetten-burgdorf.ch\/dokumentenablage\/kadereblitz\/Kadere_Blitz_2010-01.pdf\" class=\"kb-gallery-item-link\" target=\"_blank\" rel=\"noopener noreferrer\"><div class=\"kb-gal-image-radius\" style=\"max-width:722px;\"><div class=\"kb-gallery-image-contain kadence-blocks-gallery-intrinsic\" style=\"padding-bottom:141%;\"><img loading=\"lazy\" decoding=\"async\" src=\"https:\/\/www.kadetten-burgdorf.ch\/website\/wp-content\/uploads\/2010-01-722x1024.jpg\" width=\"722\" height=\"1024\" alt=\"\" data-full-image=\"https:\/\/www.kadetten-burgdorf.ch\/website\/wp-content\/uploads\/2010-01.jpg\" data-light-image=\"https:\/\/www.kadetten-burgdorf.ch\/website\/wp-content\/uploads\/2010-01.jpg\" data-id=\"3492\" class=\"wp-image-3492\" srcset=\"https:\/\/www.kadetten-burgdorf.ch\/website\/wp-content\/uploads\/2010-01-722x1024.jpg 722w, https:\/\/www.kadetten-burgdorf.ch\/website\/wp-content\/uploads\/2010-01-211x300.jpg 211w, https:\/\/www.kadetten-burgdorf.ch\/website\/wp-content\/uploads\/2010-01-768x1089.jpg 768w, https:\/\/www.kadetten-burgdorf.ch\/website\/wp-content\/uploads\/2010-01.jpg 1749w\" sizes=\"auto, (max-width: 722px) 100vw, 722px\" \/><\/div><\/div><\/a><\/figure><\/div><\/li><li class=\"kadence-blocks-gallery-item\"><div class=\"kadence-blocks-gallery-item-inner\"><figure class=\"kb-gallery-figure kb-gallery-item-has-link kadence-blocks-gallery-item-hide-caption\"><a href=\"https:\/\/www.kadetten-burgdorf.ch\/dokumentenablage\/kadereblitz\/Kadere_Blitz_2009-02.pdf\" class=\"kb-gallery-item-link\" target=\"_blank\" rel=\"noopener noreferrer\"><div class=\"kb-gal-image-radius\" style=\"max-width:722px;\"><div class=\"kb-gallery-image-contain kadence-blocks-gallery-intrinsic\" style=\"padding-bottom:141%;\"><img loading=\"lazy\" decoding=\"async\" src=\"https:\/\/www.kadetten-burgdorf.ch\/website\/wp-content\/uploads\/2009-04-722x1024.jpg\" width=\"722\" height=\"1024\" alt=\"\" data-full-image=\"https:\/\/www.kadetten-burgdorf.ch\/website\/wp-content\/uploads\/2009-04.jpg\" data-light-image=\"https:\/\/www.kadetten-burgdorf.ch\/website\/wp-content\/uploads\/2009-04.jpg\" data-id=\"3491\" class=\"wp-image-3491\" srcset=\"https:\/\/www.kadetten-burgdorf.ch\/website\/wp-content\/uploads\/2009-04-722x1024.jpg 722w, https:\/\/www.kadetten-burgdorf.ch\/website\/wp-content\/uploads\/2009-04-211x300.jpg 211w, https:\/\/www.kadetten-burgdorf.ch\/website\/wp-content\/uploads\/2009-04-768x1089.jpg 768w, https:\/\/www.kadetten-burgdorf.ch\/website\/wp-content\/uploads\/2009-04.jpg 1749w\" sizes=\"auto, (max-width: 722px) 100vw, 722px\" \/><\/div><\/div><\/a><\/figure><\/div><\/li><li class=\"kadence-blocks-gallery-item\"><div class=\"kadence-blocks-gallery-item-inner\"><figure class=\"kb-gallery-figure kb-gallery-item-has-link kadence-blocks-gallery-item-hide-caption\"><a href=\"https:\/\/www.kadetten-burgdorf.ch\/dokumentenablage\/kadereblitz\/Kadere_Blitz_2009-03.pdf\" class=\"kb-gallery-item-link\" target=\"_blank\" rel=\"noopener noreferrer\"><div class=\"kb-gal-image-radius\" style=\"max-width:722px;\"><div class=\"kb-gallery-image-contain kadence-blocks-gallery-intrinsic\" style=\"padding-bottom:141%;\"><img loading=\"lazy\" decoding=\"async\" src=\"https:\/\/www.kadetten-burgdorf.ch\/website\/wp-content\/uploads\/2009-03-722x1024.jpg\" width=\"722\" height=\"1024\" alt=\"\" data-full-image=\"https:\/\/www.kadetten-burgdorf.ch\/website\/wp-content\/uploads\/2009-03.jpg\" data-light-image=\"https:\/\/www.kadetten-burgdorf.ch\/website\/wp-content\/uploads\/2009-03.jpg\" data-id=\"3490\" class=\"wp-image-3490\" srcset=\"https:\/\/www.kadetten-burgdorf.ch\/website\/wp-content\/uploads\/2009-03-722x1024.jpg 722w, https:\/\/www.kadetten-burgdorf.ch\/website\/wp-content\/uploads\/2009-03-211x300.jpg 211w, https:\/\/www.kadetten-burgdorf.ch\/website\/wp-content\/uploads\/2009-03-768x1089.jpg 768w, https:\/\/www.kadetten-burgdorf.ch\/website\/wp-content\/uploads\/2009-03.jpg 1749w\" sizes=\"auto, (max-width: 722px) 100vw, 722px\" \/><\/div><\/div><\/a><\/figure><\/div><\/li><li class=\"kadence-blocks-gallery-item\"><div class=\"kadence-blocks-gallery-item-inner\"><figure class=\"kb-gallery-figure kb-gallery-item-has-link kadence-blocks-gallery-item-hide-caption\"><a href=\"https:\/\/www.kadetten-burgdorf.ch\/dokumentenablage\/kadereblitz\/Kadere_Blitz_2009-02.pdf\" class=\"kb-gallery-item-link\" target=\"_blank\" rel=\"noopener noreferrer\"><div class=\"kb-gal-image-radius\" style=\"max-width:722px;\"><div class=\"kb-gallery-image-contain kadence-blocks-gallery-intrinsic\" style=\"padding-bottom:141%;\"><img loading=\"lazy\" decoding=\"async\" src=\"https:\/\/www.kadetten-burgdorf.ch\/website\/wp-content\/uploads\/2009-02-722x1024.jpg\" width=\"722\" height=\"1024\" alt=\"\" data-full-image=\"https:\/\/www.kadetten-burgdorf.ch\/website\/wp-content\/uploads\/2009-02.jpg\" data-light-image=\"https:\/\/www.kadetten-burgdorf.ch\/website\/wp-content\/uploads\/2009-02.jpg\" data-id=\"3489\" class=\"wp-image-3489\" srcset=\"https:\/\/www.kadetten-burgdorf.ch\/website\/wp-content\/uploads\/2009-02-722x1024.jpg 722w, https:\/\/www.kadetten-burgdorf.ch\/website\/wp-content\/uploads\/2009-02-211x300.jpg 211w, https:\/\/www.kadetten-burgdorf.ch\/website\/wp-content\/uploads\/2009-02-768x1089.jpg 768w, https:\/\/www.kadetten-burgdorf.ch\/website\/wp-content\/uploads\/2009-02.jpg 1749w\" sizes=\"auto, (max-width: 722px) 100vw, 722px\" \/><\/div><\/div><\/a><\/figure><\/div><\/li><li class=\"kadence-blocks-gallery-item\"><div class=\"kadence-blocks-gallery-item-inner\"><figure class=\"kb-gallery-figure kb-gallery-item-has-link kadence-blocks-gallery-item-hide-caption\"><a href=\"https:\/\/www.kadetten-burgdorf.ch\/dokumentenablage\/kadereblitz\/Kadere_Blitz_2009-01.pdf\" class=\"kb-gallery-item-link\" target=\"_blank\" rel=\"noopener noreferrer\"><div class=\"kb-gal-image-radius\" style=\"max-width:722px;\"><div class=\"kb-gallery-image-contain kadence-blocks-gallery-intrinsic\" style=\"padding-bottom:141%;\"><img loading=\"lazy\" decoding=\"async\" src=\"https:\/\/www.kadetten-burgdorf.ch\/website\/wp-content\/uploads\/2009-01-722x1024.jpg\" width=\"722\" height=\"1024\" alt=\"\" data-full-image=\"https:\/\/www.kadetten-burgdorf.ch\/website\/wp-content\/uploads\/2009-01.jpg\" data-light-image=\"https:\/\/www.kadetten-burgdorf.ch\/website\/wp-content\/uploads\/2009-01.jpg\" data-id=\"3488\" class=\"wp-image-3488\" srcset=\"https:\/\/www.kadetten-burgdorf.ch\/website\/wp-content\/uploads\/2009-01-722x1024.jpg 722w, https:\/\/www.kadetten-burgdorf.ch\/website\/wp-content\/uploads\/2009-01-211x300.jpg 211w, https:\/\/www.kadetten-burgdorf.ch\/website\/wp-content\/uploads\/2009-01-768x1089.jpg 768w, https:\/\/www.kadetten-burgdorf.ch\/website\/wp-content\/uploads\/2009-01.jpg 1749w\" sizes=\"auto, (max-width: 722px) 100vw, 722px\" \/><\/div><\/div><\/a><\/figure><\/div><\/li><li class=\"kadence-blocks-gallery-item\"><div class=\"kadence-blocks-gallery-item-inner\"><figure class=\"kb-gallery-figure kb-gallery-item-has-link kadence-blocks-gallery-item-hide-caption\"><a href=\"https:\/\/www.kadetten-burgdorf.ch\/dokumentenablage\/kadereblitz\/Kadere_Blitz_2008-04.pdf\" class=\"kb-gallery-item-link\" target=\"_blank\" rel=\"noopener noreferrer\"><div class=\"kb-gal-image-radius\" style=\"max-width:722px;\"><div class=\"kb-gallery-image-contain kadence-blocks-gallery-intrinsic\" style=\"padding-bottom:141%;\"><img loading=\"lazy\" decoding=\"async\" src=\"https:\/\/www.kadetten-burgdorf.ch\/website\/wp-content\/uploads\/2008-04-722x1024.jpg\" width=\"722\" height=\"1024\" alt=\"\" data-full-image=\"https:\/\/www.kadetten-burgdorf.ch\/website\/wp-content\/uploads\/2008-04.jpg\" data-light-image=\"https:\/\/www.kadetten-burgdorf.ch\/website\/wp-content\/uploads\/2008-04.jpg\" data-id=\"3487\" class=\"wp-image-3487\" srcset=\"https:\/\/www.kadetten-burgdorf.ch\/website\/wp-content\/uploads\/2008-04-722x1024.jpg 722w, https:\/\/www.kadetten-burgdorf.ch\/website\/wp-content\/uploads\/2008-04-211x300.jpg 211w, https:\/\/www.kadetten-burgdorf.ch\/website\/wp-content\/uploads\/2008-04-768x1089.jpg 768w, https:\/\/www.kadetten-burgdorf.ch\/website\/wp-content\/uploads\/2008-04.jpg 1749w\" sizes=\"auto, (max-width: 722px) 100vw, 722px\" \/><\/div><\/div><\/a><\/figure><\/div><\/li><li class=\"kadence-blocks-gallery-item\"><div class=\"kadence-blocks-gallery-item-inner\"><figure class=\"kb-gallery-figure kb-gallery-item-has-link kadence-blocks-gallery-item-hide-caption\"><a href=\"https:\/\/www.kadetten-burgdorf.ch\/dokumentenablage\/kadereblitz\/Kadere_Blitz_2008-03.pdf\" class=\"kb-gallery-item-link\" target=\"_blank\" rel=\"noopener noreferrer\"><div class=\"kb-gal-image-radius\" style=\"max-width:722px;\"><div class=\"kb-gallery-image-contain kadence-blocks-gallery-intrinsic\" style=\"padding-bottom:141%;\"><img loading=\"lazy\" decoding=\"async\" src=\"https:\/\/www.kadetten-burgdorf.ch\/website\/wp-content\/uploads\/2008-03-722x1024.jpg\" width=\"722\" height=\"1024\" alt=\"\" data-full-image=\"https:\/\/www.kadetten-burgdorf.ch\/website\/wp-content\/uploads\/2008-03.jpg\" data-light-image=\"https:\/\/www.kadetten-burgdorf.ch\/website\/wp-content\/uploads\/2008-03.jpg\" data-id=\"3486\" class=\"wp-image-3486\" srcset=\"https:\/\/www.kadetten-burgdorf.ch\/website\/wp-content\/uploads\/2008-03-722x1024.jpg 722w, https:\/\/www.kadetten-burgdorf.ch\/website\/wp-content\/uploads\/2008-03-211x300.jpg 211w, https:\/\/www.kadetten-burgdorf.ch\/website\/wp-content\/uploads\/2008-03-768x1089.jpg 768w, https:\/\/www.kadetten-burgdorf.ch\/website\/wp-content\/uploads\/2008-03.jpg 1749w\" sizes=\"auto, (max-width: 722px) 100vw, 722px\" \/><\/div><\/div><\/a><\/figure><\/div><\/li><li class=\"kadence-blocks-gallery-item\"><div class=\"kadence-blocks-gallery-item-inner\"><figure class=\"kb-gallery-figure kb-gallery-item-has-link kadence-blocks-gallery-item-hide-caption\"><a href=\"https:\/\/www.kadetten-burgdorf.ch\/dokumentenablage\/kadereblitz\/Kadere_Blitz_2008-02.pdf\" class=\"kb-gallery-item-link\" target=\"_blank\" rel=\"noopener noreferrer\"><div class=\"kb-gal-image-radius\" style=\"max-width:722px;\"><div class=\"kb-gallery-image-contain kadence-blocks-gallery-intrinsic\" style=\"padding-bottom:141%;\"><img loading=\"lazy\" decoding=\"async\" src=\"https:\/\/www.kadetten-burgdorf.ch\/website\/wp-content\/uploads\/2008-02-722x1024.jpg\" width=\"722\" height=\"1024\" alt=\"\" data-full-image=\"https:\/\/www.kadetten-burgdorf.ch\/website\/wp-content\/uploads\/2008-02.jpg\" data-light-image=\"https:\/\/www.kadetten-burgdorf.ch\/website\/wp-content\/uploads\/2008-02.jpg\" data-id=\"3485\" class=\"wp-image-3485\" srcset=\"https:\/\/www.kadetten-burgdorf.ch\/website\/wp-content\/uploads\/2008-02-722x1024.jpg 722w, https:\/\/www.kadetten-burgdorf.ch\/website\/wp-content\/uploads\/2008-02-211x300.jpg 211w, https:\/\/www.kadetten-burgdorf.ch\/website\/wp-content\/uploads\/2008-02-768x1089.jpg 768w, https:\/\/www.kadetten-burgdorf.ch\/website\/wp-content\/uploads\/2008-02.jpg 1749w\" sizes=\"auto, (max-width: 722px) 100vw, 722px\" \/><\/div><\/div><\/a><\/figure><\/div><\/li><li class=\"kadence-blocks-gallery-item\"><div class=\"kadence-blocks-gallery-item-inner\"><figure class=\"kb-gallery-figure kb-gallery-item-has-link kadence-blocks-gallery-item-hide-caption\"><a href=\"https:\/\/www.kadetten-burgdorf.ch\/dokumentenablage\/kadereblitz\/Kadere_Blitz_2008-01.pdf\" class=\"kb-gallery-item-link\" target=\"_blank\" rel=\"noopener noreferrer\"><div class=\"kb-gal-image-radius\" style=\"max-width:722px;\"><div class=\"kb-gallery-image-contain kadence-blocks-gallery-intrinsic\" style=\"padding-bottom:141%;\"><img loading=\"lazy\" decoding=\"async\" src=\"https:\/\/www.kadetten-burgdorf.ch\/website\/wp-content\/uploads\/2008-01-722x1024.jpg\" width=\"722\" height=\"1024\" alt=\"\" data-full-image=\"https:\/\/www.kadetten-burgdorf.ch\/website\/wp-content\/uploads\/2008-01.jpg\" data-light-image=\"https:\/\/www.kadetten-burgdorf.ch\/website\/wp-content\/uploads\/2008-01.jpg\" data-id=\"3484\" class=\"wp-image-3484\" srcset=\"https:\/\/www.kadetten-burgdorf.ch\/website\/wp-content\/uploads\/2008-01-722x1024.jpg 722w, https:\/\/www.kadetten-burgdorf.ch\/website\/wp-content\/uploads\/2008-01-211x300.jpg 211w, https:\/\/www.kadetten-burgdorf.ch\/website\/wp-content\/uploads\/2008-01-768x1089.jpg 768w, https:\/\/www.kadetten-burgdorf.ch\/website\/wp-content\/uploads\/2008-01.jpg 1749w\" sizes=\"auto, (max-width: 722px) 100vw, 722px\" \/><\/div><\/div><\/a><\/figure><\/div><\/li><\/ul><\/div>\n\n\n<p class=\"wp-block-paragraph\"><\/p>\n\n\n\n<p class=\"wp-block-paragraph\"><\/p>\n","protected":false},"excerpt":{"rendered":"<p>Der Kadere-Blitz ist neben der Website unsere offizielle Informationsbrosch\u00fcre und erscheint mindestens drei Mal pro Jahr. Darin erscheinen Berichte zu &#8230; <\/p>\n<p class=\"read-more-container\"><a title=\"Kadere-Blitz\" class=\"read-more button\" href=\"https:\/\/www.kadetten-burgdorf.ch\/website\/?page_id=223#more-223\" aria-label=\"Mehr Informationen \u00fcber Kadere-Blitz\">WEITERLESEN<\/a><\/p>\n","protected":false},"author":12,"featured_media":0,"parent":3253,"menu_order":0,"comment_status":"closed","ping_status":"closed","template":"","meta":{"generate_page_header":"","footnotes":""},"class_list":["post-223","page","type-page","status-publish","no-featured-image-padding"],"jetpack_shortlink":"https:\/\/wp.me\/P2pfNG-3B","jetpack_sharing_enabled":false,"_links":{"self":[{"href":"https:\/\/www.kadetten-burgdorf.ch\/website\/index.php?rest_route=\/wp\/v2\/pages\/223","targetHints":{"allow":["GET"]}}],"collection":[{"href":"https:\/\/www.kadetten-burgdorf.ch\/website\/index.php?rest_route=\/wp\/v2\/pages"}],"about":[{"href":"https:\/\/www.kadetten-burgdorf.ch\/website\/index.php?rest_route=\/wp\/v2\/types\/page"}],"author":[{"embeddable":true,"href":"https:\/\/www.kadetten-burgdorf.ch\/website\/index.php?rest_route=\/wp\/v2\/users\/12"}],"replies":[{"embeddable":true,"href":"https:\/\/www.kadetten-burgdorf.ch\/website\/index.php?rest_route=%2Fwp%2Fv2%2Fcomments&post=223"}],"version-history":[{"count":106,"href":"https:\/\/www.kadetten-burgdorf.ch\/website\/index.php?rest_route=\/wp\/v2\/pages\/223\/revisions"}],"predecessor-version":[{"id":6935,"href":"https:\/\/www.kadetten-burgdorf.ch\/website\/index.php?rest_route=\/wp\/v2\/pages\/223\/revisions\/6935"}],"up":[{"embeddable":true,"href":"https:\/\/www.kadetten-burgdorf.ch\/website\/index.php?rest_route=\/wp\/v2\/pages\/3253"}],"wp:attachment":[{"href":"https:\/\/www.kadetten-burgdorf.ch\/website\/index.php?rest_route=%2Fwp%2Fv2%2Fmedia&parent=223"}],"curies":[{"name":"wp","href":"https:\/\/api.w.org\/{rel}","templated":true}]}}