{"id":1134,"date":"2013-12-13T21:33:41","date_gmt":"2013-12-13T20:33:41","guid":{"rendered":"https:\/\/www.kadetten-burgdorf.ch\/website\/?page_id=1134"},"modified":"2026-01-23T17:21:23","modified_gmt":"2026-01-23T16:21:23","slug":"neu-wiederanmeldung","status":"publish","type":"page","link":"https:\/\/www.kadetten-burgdorf.ch\/website\/?page_id=1134","title":{"rendered":"Anmeldung"},"content":{"rendered":"\n<div class=\"wp-block-contact-form-7-contact-form-selector\">\n<div class=\"wpcf7 no-js\" id=\"wpcf7-f2467-o1\" lang=\"en-US\" dir=\"ltr\" data-wpcf7-id=\"2467\">\n<div class=\"screen-reader-response\"><p role=\"status\" aria-live=\"polite\" aria-atomic=\"true\"><\/p> <ul><\/ul><\/div>\n<form action=\"\/website\/index.php?rest_route=%2Fwp%2Fv2%2Fpages%2F1134#wpcf7-f2467-o1\" method=\"post\" class=\"wpcf7-form init\" aria-label=\"Contact form\" novalidate=\"novalidate\" data-status=\"init\">\n<fieldset class=\"hidden-fields-container\"><input type=\"hidden\" name=\"_wpcf7\" value=\"2467\" \/><input type=\"hidden\" name=\"_wpcf7_version\" value=\"6.1.6\" \/><input type=\"hidden\" name=\"_wpcf7_locale\" value=\"en_US\" \/><input type=\"hidden\" name=\"_wpcf7_unit_tag\" value=\"wpcf7-f2467-o1\" \/><input type=\"hidden\" name=\"_wpcf7_container_post\" value=\"0\" \/><input type=\"hidden\" name=\"_wpcf7_posted_data_hash\" value=\"\" \/><input type=\"hidden\" name=\"_wpcf7_recaptcha_response\" value=\"\" \/>\n<\/fieldset>\n<p><b>Anmeldung Kurse 2026<\/b>\n<\/p>\n<p><b>Kurse (Mehrfachauswahl m\u00f6glich)<\/b>\n<\/p>\n<p><span class=\"wpcf7-form-control-wrap\" data-name=\"kurse\"><span class=\"wpcf7-form-control wpcf7-checkbox\"><span class=\"wpcf7-list-item first\"><input type=\"checkbox\" name=\"kurse[]\" value=\"Kadettenmusik \/ Wind Kids\" \/><span class=\"wpcf7-list-item-label\">Kadettenmusik \/ Wind Kids<\/span><\/span><span class=\"wpcf7-list-item\"><input type=\"checkbox\" name=\"kurse[]\" value=\"Kadettenmusik Anf\u00e4nger\" \/><span class=\"wpcf7-list-item-label\">Kadettenmusik Anf\u00e4nger<\/span><\/span><span class=\"wpcf7-list-item\"><input type=\"checkbox\" name=\"kurse[]\" value=\"Tambouren\" \/><span class=\"wpcf7-list-item-label\">Tambouren<\/span><\/span><span class=\"wpcf7-list-item\"><input type=\"checkbox\" name=\"kurse[]\" value=\"Majoretten\" \/><span class=\"wpcf7-list-item-label\">Majoretten<\/span><\/span><span class=\"wpcf7-list-item\"><input type=\"checkbox\" name=\"kurse[]\" value=\"Wald, Abenteuer, Spiel &amp; Spass\" \/><span class=\"wpcf7-list-item-label\">Wald, Abenteuer, Spiel &amp; Spass<\/span><\/span><span class=\"wpcf7-list-item\"><input type=\"checkbox\" name=\"kurse[]\" value=\"Orientierungslauf\" \/><span class=\"wpcf7-list-item-label\">Orientierungslauf<\/span><\/span><span class=\"wpcf7-list-item\"><input type=\"checkbox\" name=\"kurse[]\" value=\"Unihockey\" \/><span class=\"wpcf7-list-item-label\">Unihockey<\/span><\/span><span class=\"wpcf7-list-item\"><input type=\"checkbox\" name=\"kurse[]\" value=\"Leichtathletik\" \/><span class=\"wpcf7-list-item-label\">Leichtathletik<\/span><\/span><span class=\"wpcf7-list-item\"><input type=\"checkbox\" name=\"kurse[]\" value=\"Curling\" \/><span class=\"wpcf7-list-item-label\">Curling<\/span><\/span><span class=\"wpcf7-list-item last\"><input type=\"checkbox\" name=\"kurse[]\" value=\"Kleinkaliber- und Luftgewehrschiessen\" \/><span class=\"wpcf7-list-item-label\">Kleinkaliber- und Luftgewehrschiessen<\/span><\/span><\/span><\/span>\n<\/p>\n<p><b>Falls Anmeldung f\u00fcr den Kadettenmusik Anf\u00e4ngerkurs: Welches Instrument m\u00f6chtest du erlernen?<\/b>\n<\/p>\n<p><span class=\"wpcf7-form-control-wrap\" data-name=\"instrument\"><span class=\"wpcf7-form-control wpcf7-checkbox\"><span class=\"wpcf7-list-item first\"><input type=\"checkbox\" name=\"instrument[]\" value=\"Querfl\u00f6te\" \/><span class=\"wpcf7-list-item-label\">Querfl\u00f6te<\/span><\/span><span class=\"wpcf7-list-item\"><input type=\"checkbox\" name=\"instrument[]\" value=\"Klarinette\" \/><span class=\"wpcf7-list-item-label\">Klarinette<\/span><\/span><span class=\"wpcf7-list-item\"><input type=\"checkbox\" name=\"instrument[]\" value=\"Saxophon\" \/><span class=\"wpcf7-list-item-label\">Saxophon<\/span><\/span><span class=\"wpcf7-list-item\"><input type=\"checkbox\" name=\"instrument[]\" value=\"Trompete\" \/><span class=\"wpcf7-list-item-label\">Trompete<\/span><\/span><span class=\"wpcf7-list-item\"><input type=\"checkbox\" name=\"instrument[]\" value=\"Kornett\" \/><span class=\"wpcf7-list-item-label\">Kornett<\/span><\/span><span class=\"wpcf7-list-item\"><input type=\"checkbox\" name=\"instrument[]\" value=\"Es-Horn\" \/><span class=\"wpcf7-list-item-label\">Es-Horn<\/span><\/span><span class=\"wpcf7-list-item\"><input type=\"checkbox\" name=\"instrument[]\" value=\"Posaune\" \/><span class=\"wpcf7-list-item-label\">Posaune<\/span><\/span><span class=\"wpcf7-list-item\"><input type=\"checkbox\" name=\"instrument[]\" value=\"Euphonium\" \/><span class=\"wpcf7-list-item-label\">Euphonium<\/span><\/span><span class=\"wpcf7-list-item\"><input type=\"checkbox\" name=\"instrument[]\" value=\"Tuba\" \/><span class=\"wpcf7-list-item-label\">Tuba<\/span><\/span><span class=\"wpcf7-list-item\"><input type=\"checkbox\" name=\"instrument[]\" value=\"Schlagzeug\" \/><span class=\"wpcf7-list-item-label\">Schlagzeug<\/span><\/span><span class=\"wpcf7-list-item last\"><input type=\"checkbox\" name=\"instrument[]\" value=\"E-Piano\" \/><span class=\"wpcf7-list-item-label\">E-Piano<\/span><\/span><\/span><\/span>\n<\/p>\n<p><b>Falls Anmeldung f\u00fcr die Kadettenmusik \/ Wind Kids: Welches Instrument spielst du bereits?<\/b>\n<\/p>\n<p><span class=\"wpcf7-form-control-wrap\" data-name=\"Instrument_akt\"><input size=\"40\" maxlength=\"400\" class=\"wpcf7-form-control wpcf7-text\" aria-invalid=\"false\" value=\"\" type=\"text\" name=\"Instrument_akt\" \/><\/span>\n<\/p>\n<p><b>Personalien<\/b>\n<\/p>\n<p>Geschecht<br \/>\n<span class=\"wpcf7-form-control-wrap\" data-name=\"Geschlecht\"><select class=\"wpcf7-form-control wpcf7-select wpcf7-validates-as-required\" id=\"Geschlecht\" aria-required=\"true\" aria-invalid=\"false\" name=\"Geschlecht\"><option value=\"\">&#8212;Please choose an option&#8212;<\/option><option value=\"weiblich\">weiblich<\/option><option value=\"m\u00e4nnlich\">m\u00e4nnlich<\/option><\/select><\/span>\n<\/p>\n<p>Vorname\n<\/p>\n<p><span class=\"wpcf7-form-control-wrap\" data-name=\"vorname\"><input size=\"40\" maxlength=\"400\" class=\"wpcf7-form-control wpcf7-text wpcf7-validates-as-required\" aria-required=\"true\" aria-invalid=\"false\" value=\"\" type=\"text\" name=\"vorname\" \/><\/span>\n<\/p>\n<p>Name\n<\/p>\n<p><span class=\"wpcf7-form-control-wrap\" data-name=\"your-name\"><input size=\"40\" maxlength=\"400\" class=\"wpcf7-form-control wpcf7-text wpcf7-validates-as-required\" aria-required=\"true\" aria-invalid=\"false\" value=\"\" type=\"text\" name=\"your-name\" \/><\/span>\n<\/p>\n<p>Strasse\n<\/p>\n<p><span class=\"wpcf7-form-control-wrap\" data-name=\"strasse\"><input size=\"40\" maxlength=\"400\" class=\"wpcf7-form-control wpcf7-text wpcf7-validates-as-required\" aria-required=\"true\" aria-invalid=\"false\" value=\"\" type=\"text\" name=\"strasse\" \/><\/span>\n<\/p>\n<p>PLZ\n<\/p>\n<p><span class=\"wpcf7-form-control-wrap\" data-name=\"PLZ\"><input size=\"40\" maxlength=\"400\" class=\"wpcf7-form-control wpcf7-text wpcf7-validates-as-required\" aria-required=\"true\" aria-invalid=\"false\" value=\"\" type=\"text\" name=\"PLZ\" \/><\/span>\n<\/p>\n<p>Ort\n<\/p>\n<p><span class=\"wpcf7-form-control-wrap\" data-name=\"Ort\"><input size=\"40\" maxlength=\"400\" class=\"wpcf7-form-control wpcf7-text wpcf7-validates-as-required\" aria-required=\"true\" aria-invalid=\"false\" value=\"\" type=\"text\" name=\"Ort\" \/><\/span>\n<\/p>\n<p>Geburtsdatum\n<\/p>\n<p><span class=\"wpcf7-form-control-wrap\" data-name=\"geburtsdatum\"><input size=\"40\" maxlength=\"400\" class=\"wpcf7-form-control wpcf7-text wpcf7-validates-as-required\" aria-required=\"true\" aria-invalid=\"false\" value=\"Tag-Monat-Jahr\" type=\"text\" name=\"geburtsdatum\" \/><\/span>\n<\/p>\n<p>Sozialversicherungs-Nr.\n<\/p>\n<p><span class=\"wpcf7-form-control-wrap\" data-name=\"Sozialversicherungs-Nr\"><input size=\"40\" maxlength=\"400\" class=\"wpcf7-form-control wpcf7-text\" aria-invalid=\"false\" value=\"\" type=\"text\" name=\"Sozialversicherungs-Nr\" \/><\/span>\n<\/p>\n<p>E-Mail-Adresse (Hauptadresse)\n<\/p>\n<p><span class=\"wpcf7-form-control-wrap\" data-name=\"your-email\"><input size=\"40\" maxlength=\"400\" class=\"wpcf7-form-control wpcf7-email wpcf7-validates-as-required wpcf7-text wpcf7-validates-as-email\" aria-required=\"true\" aria-invalid=\"false\" value=\"\" type=\"email\" name=\"your-email\" \/><\/span>\n<\/p>\n<p>E-Mail-Adresse (Alternative 1)\n<\/p>\n<p><span class=\"wpcf7-form-control-wrap\" data-name=\"your-email1\"><input size=\"40\" maxlength=\"400\" class=\"wpcf7-form-control wpcf7-email wpcf7-text wpcf7-validates-as-email\" aria-invalid=\"false\" value=\"\" type=\"email\" name=\"your-email1\" \/><\/span>\n<\/p>\n<p>E-Mail-Adresse (Alternative 2)\n<\/p>\n<p><span class=\"wpcf7-form-control-wrap\" data-name=\"your-email2\"><input size=\"40\" maxlength=\"400\" class=\"wpcf7-form-control wpcf7-email wpcf7-text wpcf7-validates-as-email\" aria-invalid=\"false\" value=\"\" type=\"email\" name=\"your-email2\" \/><\/span>\n<\/p>\n<p>E-Mail-Adresse (Adresse des Kindes, falls es schon eine eigene Adresse hat)\n<\/p>\n<p><span class=\"wpcf7-form-control-wrap\" data-name=\"your-email3\"><input size=\"40\" maxlength=\"400\" class=\"wpcf7-form-control wpcf7-email wpcf7-text wpcf7-validates-as-email\" aria-invalid=\"false\" value=\"\" type=\"email\" name=\"your-email3\" \/><\/span>\n<\/p>\n<p>Telefon (Hauptnummer, auf der die Eltern am besten erreichbar sind. Bitte in Klammern erg\u00e4nzen, wem diese Nummer geh\u00f6rt. Also z. B. \"079 123 45 67 (Handy Mutter))\n<\/p>\n<p><span class=\"wpcf7-form-control-wrap\" data-name=\"telefon\"><input size=\"40\" maxlength=\"400\" class=\"wpcf7-form-control wpcf7-text wpcf7-validates-as-required\" aria-required=\"true\" aria-invalid=\"false\" value=\"\" type=\"text\" name=\"telefon\" \/><\/span>\n<\/p>\n<p>Telefon (Alternative 1)\n<\/p>\n<p><span class=\"wpcf7-form-control-wrap\" data-name=\"telefon1\"><input size=\"40\" maxlength=\"400\" class=\"wpcf7-form-control wpcf7-text\" aria-invalid=\"false\" value=\"\" type=\"text\" name=\"telefon1\" \/><\/span>\n<\/p>\n<p>Telefon (Alternative 2)\n<\/p>\n<p><span class=\"wpcf7-form-control-wrap\" data-name=\"telefon2\"><input size=\"40\" maxlength=\"400\" class=\"wpcf7-form-control wpcf7-text\" aria-invalid=\"false\" value=\"\" type=\"text\" name=\"telefon2\" \/><\/span>\n<\/p>\n<p>Telefon (Nummer des Kindes, falls es schon ein eigenes Handy hat)\n<\/p>\n<p><span class=\"wpcf7-form-control-wrap\" data-name=\"telefon3\"><input size=\"40\" maxlength=\"400\" class=\"wpcf7-form-control wpcf7-text\" aria-invalid=\"false\" value=\"\" type=\"text\" name=\"telefon3\" \/><\/span>\n<\/p>\n<p>Allergien, Unvertr\u00e4glichkeiten oder medizinische Informationen (Bitte f\u00fcr den Kursbetrieb oder f\u00fcr Anl\u00e4sse relevante Informationen angeben. Eine \"normale\" Pollenallergie im Fr\u00fchling muss nicht angegeben werden)\n<\/p>\n<p><span class=\"wpcf7-form-control-wrap\" data-name=\"your-message\"><textarea cols=\"40\" rows=\"10\" maxlength=\"2000\" class=\"wpcf7-form-control wpcf7-textarea\" aria-invalid=\"false\" name=\"your-message\"><\/textarea><\/span>\n<\/p>\n<p>Vorname + Name (Mutter)\n<\/p>\n<p><span class=\"wpcf7-form-control-wrap\" data-name=\"your-name-mutter\"><input size=\"40\" maxlength=\"400\" class=\"wpcf7-form-control wpcf7-text\" aria-invalid=\"false\" value=\"\" type=\"text\" name=\"your-name-mutter\" \/><\/span>\n<\/p>\n<p>Vorname + Name (Vater)\n<\/p>\n<p><span class=\"wpcf7-form-control-wrap\" data-name=\"your-name-vater\"><input size=\"40\" maxlength=\"400\" class=\"wpcf7-form-control wpcf7-text\" aria-invalid=\"false\" value=\"\" type=\"text\" name=\"your-name-vater\" \/><\/span>\n<\/p>\n<p>Bemerkungen\n<\/p>\n<p><span class=\"wpcf7-form-control-wrap\" data-name=\"your-message\"><textarea cols=\"40\" rows=\"10\" maxlength=\"2000\" class=\"wpcf7-form-control wpcf7-textarea\" aria-invalid=\"false\" name=\"your-message\"><\/textarea><\/span>\n<\/p>\n<p><span class=\"wpcf7-form-control-wrap\" data-name=\"acceptance-926\"><span class=\"wpcf7-form-control wpcf7-acceptance\"><span class=\"wpcf7-list-item\"><label><input type=\"checkbox\" name=\"acceptance-926\" value=\"1\" aria-invalid=\"false\" \/><span class=\"wpcf7-list-item-label\">Ver\u00f6ffentlichung von Bildmaterial und Weitergabe von Daten an Dritte: Wir sind einverstanden, dass die Kadetten Burgdorf Fotos und Videos im Kursbetrieb, an Anl\u00e4ssen und in Lagern erstellen und diese ver\u00f6ffentlichen d\u00fcrfen (Z. B. auf der Website, auf unseren Social Media Kan\u00e4len, in Zeitungsberichten etc.). Wir sind einverstanden, dass die Kadetten Burgdorf Daten des Kindes an Dritte weitergeben d\u00fcrfen (Z. B. den Namen an die Organisatoren der Kadettentage, um die Diplome erstellen zu k\u00f6nnen; den Namen, das Geburtsdatum und die Sozialversicherungs-Nr. an Jugend & Sport, damit der Anlass oder das Lager \u00fcber J&S abgerechnet werden kann; s\u00e4mtliche Daten der Kadetten-Tambouren an den Tambourenverein Kirchberg, da wir mit dem Tambourenverein Kirchberg zusammenarbeiten etc.).<\/span><\/label><\/span><\/span><\/span>\n<\/p>\n<p><input class=\"wpcf7-form-control wpcf7-submit has-spinner\" type=\"submit\" value=\"Senden\" \/>\n<\/p><div class=\"wpcf7-response-output\" aria-hidden=\"true\"><\/div>\n<\/form>\n<\/div>\n<\/div>\n\n\n\n<hr class=\"wp-block-separator has-css-opacity is-style-wide\"\/>\n\n\n\n<p class=\"wp-block-paragraph\"><\/p>\n","protected":false},"excerpt":{"rendered":"","protected":false},"author":12,"featured_media":0,"parent":3253,"menu_order":0,"comment_status":"closed","ping_status":"closed","template":"","meta":{"generate_page_header":"","footnotes":""},"class_list":["post-1134","page","type-page","status-publish","no-featured-image-padding"],"jetpack_shortlink":"https:\/\/wp.me\/P2pfNG-ii","jetpack_sharing_enabled":true,"_links":{"self":[{"href":"https:\/\/www.kadetten-burgdorf.ch\/website\/index.php?rest_route=\/wp\/v2\/pages\/1134","targetHints":{"allow":["GET"]}}],"collection":[{"href":"https:\/\/www.kadetten-burgdorf.ch\/website\/index.php?rest_route=\/wp\/v2\/pages"}],"about":[{"href":"https:\/\/www.kadetten-burgdorf.ch\/website\/index.php?rest_route=\/wp\/v2\/types\/page"}],"author":[{"embeddable":true,"href":"https:\/\/www.kadetten-burgdorf.ch\/website\/index.php?rest_route=\/wp\/v2\/users\/12"}],"replies":[{"embeddable":true,"href":"https:\/\/www.kadetten-burgdorf.ch\/website\/index.php?rest_route=%2Fwp%2Fv2%2Fcomments&post=1134"}],"version-history":[{"count":30,"href":"https:\/\/www.kadetten-burgdorf.ch\/website\/index.php?rest_route=\/wp\/v2\/pages\/1134\/revisions"}],"predecessor-version":[{"id":6858,"href":"https:\/\/www.kadetten-burgdorf.ch\/website\/index.php?rest_route=\/wp\/v2\/pages\/1134\/revisions\/6858"}],"up":[{"embeddable":true,"href":"https:\/\/www.kadetten-burgdorf.ch\/website\/index.php?rest_route=\/wp\/v2\/pages\/3253"}],"wp:attachment":[{"href":"https:\/\/www.kadetten-burgdorf.ch\/website\/index.php?rest_route=%2Fwp%2Fv2%2Fmedia&parent=1134"}],"curies":[{"name":"wp","href":"https:\/\/api.w.org\/{rel}","templated":true}]}}